{"id":542,"date":"2024-10-08T21:17:07","date_gmt":"2024-10-08T19:17:07","guid":{"rendered":"https:\/\/aikido-ando.nl\/?page_id=542"},"modified":"2025-08-09T20:02:36","modified_gmt":"2025-08-09T18:02:36","slug":"aikido-seminar-in-den-niederlanden","status":"publish","type":"page","link":"https:\/\/aikido-ando.nl\/de\/aikido-seminar-in-nederland\/","title":{"rendered":"Aikido-Seminar in den Niederlanden"},"content":{"rendered":"<div data-elementor-type=\"wp-page\" data-elementor-id=\"542\" class=\"elementor elementor-542\" data-elementor-post-type=\"page\">\n\t\t\t\t<div class=\"elementor-element elementor-element-d0586f4 e-flex e-con-boxed e-con e-parent\" data-id=\"d0586f4\" data-element_type=\"container\" data-e-type=\"container\">\n\t\t\t\t\t<div class=\"e-con-inner\">\n\t\t\t\t<div class=\"elementor-element elementor-element-a67717f elementor-widget elementor-widget-text-editor\" data-id=\"a67717f\" data-element_type=\"widget\" data-e-type=\"widget\" data-widget_type=\"text-editor.default\">\n\t\t\t\t<div class=\"elementor-widget-container\">\n\t\t\t\t\t\t\t\t\t<h2>ANDO-PRAKTIKUM NICHT BEKANNT<\/h2><p>Wahrscheinlich ist unser Praktikumsausschuss gerade dabei, einen Aikido-Lehrgang in den Niederlanden zu planen. Dies geschieht oft in Absprache mit dem Ausbilder und braucht Zeit. Wir k\u00f6nnen diese Informationen erst ver\u00f6ffentlichen, wenn alles geregelt ist.\u00a0<\/p><p><strong>BUT....<\/strong><\/p>\t\t\t\t\t\t\t\t<\/div>\n\t\t\t\t<\/div>\n\t\t\t\t<div class=\"elementor-element elementor-element-4a56ea3 elementor-widget elementor-widget-text-editor\" data-id=\"4a56ea3\" data-element_type=\"widget\" data-e-type=\"widget\" data-widget_type=\"text-editor.default\">\n\t\t\t\t<div class=\"elementor-widget-container\">\n\t\t\t\t\t\t\t\t\t<p>Da Sie ohnehin hier sind, k\u00f6nnen wir Ihnen kurz \u00fcber w<strong>was unsere Aikido-Seminare in den Niederlanden so besonders macht<\/strong>. Wir k\u00f6nnen Ihnen sagen, dass das nicht nur f\u00fcr die Lehrer gilt. Jedes Praktikum, das bei Ando absolviert wird, hat <strong>ein bestimmtes Thema<\/strong>. Manchmal teilen wir dies bereits bei der Ank\u00fcndigung mit und manchmal w\u00e4hrend des Praktikums selbst. (Schlie\u00dflich ist es manchmal gut, mit einer offenen Einstellung auf die Matte zu gehen).<\/p><p>Die Lehrer, die bei uns Aikido-Seminare geben, werden Sie herausfordern. Dies kann durch Techniken sein, die sie mit Ihnen teilen, mit denen Sie nicht vertraut sind, oder umgekehrt bekannte Techniken mit einer Wendung. Alles um sicherzustellen, dass Sie <strong>tritt zufrieden von der Matte<\/strong> und die <strong>das Gef\u00fchl haben, etwas gelernt zu haben<\/strong>.\u00a0<\/p><p>Neben dem Training bieten wir die M\u00f6glichkeit, mit anderen Aikidokas in Kontakt zu treten. Daher versuchen wir, Mittag- oder Abendessen so zug\u00e4nglich wie m\u00f6glich zu machen. (Wenn es die Situation erlaubt.)<\/p><p><br \/>Nachfolgend finden Sie einige Videos <strong>Eindr\u00fccke von Aikido-Seminaren<\/strong> die im Laufe der Zeit bei uns stattgefunden haben. Schauen Sie sich unseren Kanal an und verfolgen Sie unsere Aikido-Reisen ins Ausland.<\/p>\t\t\t\t\t\t\t\t<\/div>\n\t\t\t\t<\/div>\n\t\t\t\t\t<\/div>\n\t\t\t\t<\/div>\n\t\t<div class=\"elementor-element elementor-element-6ad55d5b e-flex e-con-boxed e-con e-parent\" data-id=\"6ad55d5b\" data-element_type=\"container\" data-e-type=\"container\" data-settings=\"{&quot;background_background&quot;:&quot;classic&quot;}\">\n\t\t\t\t\t<div class=\"e-con-inner\">\n\t\t<div class=\"elementor-element elementor-element-376b654f e-con-full e-flex e-con e-child\" data-id=\"376b654f\" data-element_type=\"container\" data-e-type=\"container\">\n\t\t\t\t<div class=\"elementor-element elementor-element-38a156ac elementor-widget elementor-widget-text-editor\" data-id=\"38a156ac\" data-element_type=\"widget\" data-e-type=\"widget\" data-widget_type=\"text-editor.default\">\n\t\t\t\t<div class=\"elementor-widget-container\">\n\t\t\t\t\t\t\t\t\t<h2>Verfolgen Sie uns aufmerksam<\/h2>\t\t\t\t\t\t\t\t<\/div>\n\t\t\t\t<\/div>\n\t\t\t\t<div class=\"elementor-element elementor-element-73d5263 elementor-widget elementor-widget-video\" data-id=\"73d5263\" data-element_type=\"widget\" data-e-type=\"widget\" data-settings=\"{&quot;youtube_url&quot;:&quot;https:\\\/\\\/www.youtube.com\\\/watch?v=HcT_q9n-m9M&amp;list=PLZ9Y2r2g2g0QYzYD28XQCsJsIIdQc1ZJS&amp;index=9&quot;,&quot;video_type&quot;:&quot;youtube&quot;,&quot;controls&quot;:&quot;yes&quot;}\" data-widget_type=\"video.default\">\n\t\t\t\t<div class=\"elementor-widget-container\">\n\t\t\t\t\t\t\t<div class=\"elementor-wrapper elementor-open-inline\">\n\t\t\t<div class=\"elementor-video\"><\/div>\t\t<\/div>\n\t\t\t\t\t\t<\/div>\n\t\t\t\t<\/div>\n\t\t<div class=\"elementor-element elementor-element-329f4443 e-con-full e-flex e-con e-child\" data-id=\"329f4443\" data-element_type=\"container\" data-e-type=\"container\">\n\t\t<div class=\"elementor-element elementor-element-22d30e81 e-con-full e-flex e-con e-child\" data-id=\"22d30e81\" data-element_type=\"container\" data-e-type=\"container\">\n\t\t\t\t<div class=\"elementor-element elementor-element-3b5ddd2 elementor-widget elementor-widget-video\" data-id=\"3b5ddd2\" data-element_type=\"widget\" data-e-type=\"widget\" data-settings=\"{&quot;youtube_url&quot;:&quot;https:\\\/\\\/www.youtube.com\\\/watch?v=TD2VHC_OYsI&amp;list=PLZ9Y2r2g2g0QYzYD28XQCsJsIIdQc1ZJS&amp;index=9&quot;,&quot;video_type&quot;:&quot;youtube&quot;,&quot;controls&quot;:&quot;yes&quot;}\" data-widget_type=\"video.default\">\n\t\t\t\t<div class=\"elementor-widget-container\">\n\t\t\t\t\t\t\t<div class=\"elementor-wrapper elementor-open-inline\">\n\t\t\t<div class=\"elementor-video\"><\/div>\t\t<\/div>\n\t\t\t\t\t\t<\/div>\n\t\t\t\t<\/div>\n\t\t\t\t<\/div>\n\t\t<div class=\"elementor-element elementor-element-469cd913 e-con-full e-flex e-con e-child\" data-id=\"469cd913\" data-element_type=\"container\" data-e-type=\"container\">\n\t\t\t\t<div class=\"elementor-element elementor-element-67d5bce elementor-widget elementor-widget-video\" data-id=\"67d5bce\" data-element_type=\"widget\" data-e-type=\"widget\" data-settings=\"{&quot;youtube_url&quot;:&quot;https:\\\/\\\/www.youtube.com\\\/watch?v=8Hy0VciD31o&quot;,&quot;video_type&quot;:&quot;youtube&quot;,&quot;controls&quot;:&quot;yes&quot;}\" data-widget_type=\"video.default\">\n\t\t\t\t<div class=\"elementor-widget-container\">\n\t\t\t\t\t\t\t<div class=\"elementor-wrapper elementor-open-inline\">\n\t\t\t<div class=\"elementor-video\"><\/div>\t\t<\/div>\n\t\t\t\t\t\t<\/div>\n\t\t\t\t<\/div>\n\t\t\t\t<\/div>\n\t\t<div class=\"elementor-element elementor-element-7ddeaf38 e-con-full e-flex e-con e-child\" data-id=\"7ddeaf38\" data-element_type=\"container\" data-e-type=\"container\">\n\t\t\t\t<div class=\"elementor-element elementor-element-dd8b600 elementor-widget elementor-widget-video\" data-id=\"dd8b600\" data-element_type=\"widget\" data-e-type=\"widget\" data-settings=\"{&quot;youtube_url&quot;:&quot;https:\\\/\\\/www.youtube.com\\\/watch?v=-UUCW1h46XY&quot;,&quot;video_type&quot;:&quot;youtube&quot;,&quot;controls&quot;:&quot;yes&quot;}\" data-widget_type=\"video.default\">\n\t\t\t\t<div class=\"elementor-widget-container\">\n\t\t\t\t\t\t\t<div class=\"elementor-wrapper elementor-open-inline\">\n\t\t\t<div class=\"elementor-video\"><\/div>\t\t<\/div>\n\t\t\t\t\t\t<\/div>\n\t\t\t\t<\/div>\n\t\t\t\t<\/div>\n\t\t\t\t<\/div>\n\t\t\t\t<div class=\"elementor-element elementor-element-f1d1579 elementor-widget elementor-widget-text-editor\" data-id=\"f1d1579\" data-element_type=\"widget\" data-e-type=\"widget\" data-widget_type=\"text-editor.default\">\n\t\t\t\t<div class=\"elementor-widget-container\">\n\t\t\t\t\t\t\t\t\t<p>Wir teilen unsere Leidenschaft gerne \u00fcber soziale Kan\u00e4le wie Facebook, Instagram und TikTok.\u00a0<\/p>\t\t\t\t\t\t\t\t<\/div>\n\t\t\t\t<\/div>\n\t\t\t\t<div class=\"elementor-element elementor-element-169daf06 elementor-widget elementor-widget-button\" data-id=\"169daf06\" data-element_type=\"widget\" data-e-type=\"widget\" data-widget_type=\"button.default\">\n\t\t\t\t<div class=\"elementor-widget-container\">\n\t\t\t\t\t\t\t\t\t<div class=\"elementor-button-wrapper\">\n\t\t\t\t\t<a class=\"elementor-button elementor-button-link elementor-size-sm\" href=\"https:\/\/www.facebook.com\/andoaikido\">\n\t\t\t\t\t\t<span class=\"elementor-button-content-wrapper\">\n\t\t\t\t\t\t\t\t\t<span class=\"elementor-button-text\">\u00dcber soziale Netzwerke folgen<\/span>\n\t\t\t\t\t<\/span>\n\t\t\t\t\t<\/a>\n\t\t\t\t<\/div>\n\t\t\t\t\t\t\t\t<\/div>\n\t\t\t\t<\/div>\n\t\t\t\t<\/div>\n\t\t\t\t\t<\/div>\n\t\t\t\t<\/div>\n\t\t\t\t<\/div>","protected":false},"excerpt":{"rendered":"<p>ANDO STAGE NIET BEKEND\u200b De kans is groot dat onze stage commissie druk bezig is met het inplannen van een Aikido seminar in Nederland. Dit gaat vaak in overleg met de docent en kost tijd. We kunnen deze informatie pas naar buiten plaatsen als alles is geregeld.\u00a0 MAAR&#8230;. Aangezien je hier toch bent, kunnen we [&hellip;]<\/p>\n","protected":false},"author":1,"featured_media":1676,"parent":0,"menu_order":0,"comment_status":"closed","ping_status":"closed","template":"","meta":{"footnotes":""},"class_list":["post-542","page","type-page","status-publish","has-post-thumbnail","hentry"],"yoast_head":"<!-- This site is optimized with the Yoast SEO Premium plugin v27.3 (Yoast SEO v27.3) - https:\/\/yoast.com\/product\/yoast-seo-premium-wordpress\/ -->\n<title>Aikido seminar in Nederland - Aikido ANDO<\/title>\n<meta name=\"description\" content=\"Ontdek de bijzondere Aikido seminars van Ando in Nederland. Elke stage heeft een uniek thema en uitdagende docenten.\" \/>\n<meta name=\"robots\" content=\"index, follow, max-snippet:-1, max-image-preview:large, max-video-preview:-1\" \/>\n<link rel=\"canonical\" href=\"https:\/\/aikido-ando.nl\/de\/aikido-seminar-in-den-niederlanden\/\" \/>\n<meta property=\"og:locale\" content=\"de_DE\" \/>\n<meta property=\"og:type\" content=\"article\" \/>\n<meta property=\"og:title\" content=\"Aikido seminar in Nederland\" \/>\n<meta property=\"og:description\" content=\"Ontdek de bijzondere Aikido seminars van Ando in Nederland. Elke stage heeft een uniek thema en uitdagende docenten.\" \/>\n<meta property=\"og:url\" content=\"https:\/\/aikido-ando.nl\/de\/aikido-seminar-in-den-niederlanden\/\" \/>\n<meta property=\"og:site_name\" content=\"Aikido ANDO\" \/>\n<meta property=\"article:publisher\" content=\"https:\/\/www.facebook.com\/andoaikido\" \/>\n<meta property=\"article:modified_time\" content=\"2025-08-09T18:02:36+00:00\" \/>\n<meta property=\"og:image\" content=\"https:\/\/aikido-ando.nl\/wp-content\/uploads\/Aikido_Celebration_Ando_Dojo.webp\" \/>\n\t<meta property=\"og:image:width\" content=\"1920\" \/>\n\t<meta property=\"og:image:height\" content=\"600\" \/>\n\t<meta property=\"og:image:type\" content=\"image\/webp\" \/>\n<meta name=\"twitter:card\" content=\"summary_large_image\" \/>\n<meta name=\"twitter:label1\" content=\"Gesch\u00e4tzte Lesezeit\" \/>\n\t<meta name=\"twitter:data1\" content=\"2\u00a0Minuten\" \/>\n<script type=\"application\/ld+json\" class=\"yoast-schema-graph\">{\"@context\":\"https:\\\/\\\/schema.org\",\"@graph\":[{\"@type\":\"WebPage\",\"@id\":\"https:\\\/\\\/aikido-ando.nl\\\/aikido-seminar-in-nederland\\\/\",\"url\":\"https:\\\/\\\/aikido-ando.nl\\\/aikido-seminar-in-nederland\\\/\",\"name\":\"Aikido seminar in Nederland - Aikido ANDO\",\"isPartOf\":{\"@id\":\"https:\\\/\\\/aikido-ando.nl\\\/#website\"},\"primaryImageOfPage\":{\"@id\":\"https:\\\/\\\/aikido-ando.nl\\\/aikido-seminar-in-nederland\\\/#primaryimage\"},\"image\":{\"@id\":\"https:\\\/\\\/aikido-ando.nl\\\/aikido-seminar-in-nederland\\\/#primaryimage\"},\"thumbnailUrl\":\"https:\\\/\\\/aikido-ando.nl\\\/wp-content\\\/uploads\\\/Aikido_Celebration_Ando_Dojo.webp\",\"datePublished\":\"2024-10-08T19:17:07+00:00\",\"dateModified\":\"2025-08-09T18:02:36+00:00\",\"description\":\"Ontdek de bijzondere Aikido seminars van Ando in Nederland. Elke stage heeft een uniek thema en uitdagende docenten.\",\"breadcrumb\":{\"@id\":\"https:\\\/\\\/aikido-ando.nl\\\/aikido-seminar-in-nederland\\\/#breadcrumb\"},\"inLanguage\":\"de\",\"potentialAction\":[{\"@type\":\"ReadAction\",\"target\":[\"https:\\\/\\\/aikido-ando.nl\\\/aikido-seminar-in-nederland\\\/\"]}]},{\"@type\":\"ImageObject\",\"inLanguage\":\"de\",\"@id\":\"https:\\\/\\\/aikido-ando.nl\\\/aikido-seminar-in-nederland\\\/#primaryimage\",\"url\":\"https:\\\/\\\/aikido-ando.nl\\\/wp-content\\\/uploads\\\/Aikido_Celebration_Ando_Dojo.webp\",\"contentUrl\":\"https:\\\/\\\/aikido-ando.nl\\\/wp-content\\\/uploads\\\/Aikido_Celebration_Ando_Dojo.webp\",\"width\":1920,\"height\":600,\"caption\":\"Color Aikido, een feestelijke afsluiting van de seminar van Ando 15 jaar. Zowel kinder-Aikidoka's als volwassen aikidoka's deden mee. Niet te vergeten jeugd Aikidoka's.\"},{\"@type\":\"BreadcrumbList\",\"@id\":\"https:\\\/\\\/aikido-ando.nl\\\/aikido-seminar-in-nederland\\\/#breadcrumb\",\"itemListElement\":[{\"@type\":\"ListItem\",\"position\":1,\"name\":\"Home\",\"item\":\"https:\\\/\\\/aikido-ando.nl\\\/\"},{\"@type\":\"ListItem\",\"position\":2,\"name\":\"Aikido seminar in Nederland\"}]},{\"@type\":\"WebSite\",\"@id\":\"https:\\\/\\\/aikido-ando.nl\\\/#website\",\"url\":\"https:\\\/\\\/aikido-ando.nl\\\/\",\"name\":\"Aikido Ando\",\"description\":\"\",\"publisher\":{\"@id\":\"https:\\\/\\\/aikido-ando.nl\\\/#organization\"},\"potentialAction\":[{\"@type\":\"SearchAction\",\"target\":{\"@type\":\"EntryPoint\",\"urlTemplate\":\"https:\\\/\\\/aikido-ando.nl\\\/?s={search_term_string}\"},\"query-input\":{\"@type\":\"PropertyValueSpecification\",\"valueRequired\":true,\"valueName\":\"search_term_string\"}}],\"inLanguage\":\"de\"},{\"@type\":\"Organization\",\"@id\":\"https:\\\/\\\/aikido-ando.nl\\\/#organization\",\"name\":\"Aikido Ando\",\"url\":\"https:\\\/\\\/aikido-ando.nl\\\/\",\"logo\":{\"@type\":\"ImageObject\",\"inLanguage\":\"de\",\"@id\":\"https:\\\/\\\/aikido-ando.nl\\\/#\\\/schema\\\/logo\\\/image\\\/\",\"url\":\"https:\\\/\\\/aikido-ando.nl\\\/wp-content\\\/uploads\\\/Logo.webp\",\"contentUrl\":\"https:\\\/\\\/aikido-ando.nl\\\/wp-content\\\/uploads\\\/Logo.webp\",\"width\":500,\"height\":500,\"caption\":\"Aikido Ando\"},\"image\":{\"@id\":\"https:\\\/\\\/aikido-ando.nl\\\/#\\\/schema\\\/logo\\\/image\\\/\"},\"sameAs\":[\"https:\\\/\\\/www.facebook.com\\\/andoaikido\",\"https:\\\/\\\/www.instagram.com\\\/andoaikido\\\/\",\"https:\\\/\\\/www.tiktok.com\\\/404?fromUrl=\\\/andoaikido\",\"https:\\\/\\\/www.linkedin.com\\\/company\\\/andoaikido?originalSubdomain=nl\"]}]}<\/script>\n<!-- \/ Yoast SEO Premium plugin. -->","yoast_head_json":{"title":"Aikido-Seminar in den Niederlanden - Aikido ANDO","description":"Entdecken Sie die au\u00dfergew\u00f6hnlichen Aikido-Seminare von Ando in den Niederlanden. Jedes Seminar hat ein einzigartiges Thema und anspruchsvolle Lehrer.","robots":{"index":"index","follow":"follow","max-snippet":"max-snippet:-1","max-image-preview":"max-image-preview:large","max-video-preview":"max-video-preview:-1"},"canonical":"https:\/\/aikido-ando.nl\/de\/aikido-seminar-in-den-niederlanden\/","og_locale":"de_DE","og_type":"article","og_title":"Aikido seminar in Nederland","og_description":"Ontdek de bijzondere Aikido seminars van Ando in Nederland. Elke stage heeft een uniek thema en uitdagende docenten.","og_url":"https:\/\/aikido-ando.nl\/de\/aikido-seminar-in-den-niederlanden\/","og_site_name":"Aikido ANDO","article_publisher":"https:\/\/www.facebook.com\/andoaikido","article_modified_time":"2025-08-09T18:02:36+00:00","og_image":[{"width":1920,"height":600,"url":"https:\/\/aikido-ando.nl\/wp-content\/uploads\/Aikido_Celebration_Ando_Dojo.webp","type":"image\/webp"}],"twitter_card":"summary_large_image","twitter_misc":{"Gesch\u00e4tzte Lesezeit":"2\u00a0Minuten"},"schema":{"@context":"https:\/\/schema.org","@graph":[{"@type":"WebPage","@id":"https:\/\/aikido-ando.nl\/aikido-seminar-in-nederland\/","url":"https:\/\/aikido-ando.nl\/aikido-seminar-in-nederland\/","name":"Aikido-Seminar in den Niederlanden - Aikido ANDO","isPartOf":{"@id":"https:\/\/aikido-ando.nl\/#website"},"primaryImageOfPage":{"@id":"https:\/\/aikido-ando.nl\/aikido-seminar-in-nederland\/#primaryimage"},"image":{"@id":"https:\/\/aikido-ando.nl\/aikido-seminar-in-nederland\/#primaryimage"},"thumbnailUrl":"https:\/\/aikido-ando.nl\/wp-content\/uploads\/Aikido_Celebration_Ando_Dojo.webp","datePublished":"2024-10-08T19:17:07+00:00","dateModified":"2025-08-09T18:02:36+00:00","description":"Entdecken Sie die au\u00dfergew\u00f6hnlichen Aikido-Seminare von Ando in den Niederlanden. Jedes Seminar hat ein einzigartiges Thema und anspruchsvolle Lehrer.","breadcrumb":{"@id":"https:\/\/aikido-ando.nl\/aikido-seminar-in-nederland\/#breadcrumb"},"inLanguage":"de","potentialAction":[{"@type":"ReadAction","target":["https:\/\/aikido-ando.nl\/aikido-seminar-in-nederland\/"]}]},{"@type":"ImageObject","inLanguage":"de","@id":"https:\/\/aikido-ando.nl\/aikido-seminar-in-nederland\/#primaryimage","url":"https:\/\/aikido-ando.nl\/wp-content\/uploads\/Aikido_Celebration_Ando_Dojo.webp","contentUrl":"https:\/\/aikido-ando.nl\/wp-content\/uploads\/Aikido_Celebration_Ando_Dojo.webp","width":1920,"height":600,"caption":"Color Aikido, een feestelijke afsluiting van de seminar van Ando 15 jaar. Zowel kinder-Aikidoka's als volwassen aikidoka's deden mee. Niet te vergeten jeugd Aikidoka's."},{"@type":"BreadcrumbList","@id":"https:\/\/aikido-ando.nl\/aikido-seminar-in-nederland\/#breadcrumb","itemListElement":[{"@type":"ListItem","position":1,"name":"Home","item":"https:\/\/aikido-ando.nl\/"},{"@type":"ListItem","position":2,"name":"Aikido seminar in Nederland"}]},{"@type":"WebSite","@id":"https:\/\/aikido-ando.nl\/#website","url":"https:\/\/aikido-ando.nl\/","name":"Aikido Ando","description":"","publisher":{"@id":"https:\/\/aikido-ando.nl\/#organization"},"potentialAction":[{"@type":"SearchAction","target":{"@type":"EntryPoint","urlTemplate":"https:\/\/aikido-ando.nl\/?s={search_term_string}"},"query-input":{"@type":"PropertyValueSpecification","valueRequired":true,"valueName":"search_term_string"}}],"inLanguage":"de"},{"@type":"Organization","@id":"https:\/\/aikido-ando.nl\/#organization","name":"Aikido Ando","url":"https:\/\/aikido-ando.nl\/","logo":{"@type":"ImageObject","inLanguage":"de","@id":"https:\/\/aikido-ando.nl\/#\/schema\/logo\/image\/","url":"https:\/\/aikido-ando.nl\/wp-content\/uploads\/Logo.webp","contentUrl":"https:\/\/aikido-ando.nl\/wp-content\/uploads\/Logo.webp","width":500,"height":500,"caption":"Aikido Ando"},"image":{"@id":"https:\/\/aikido-ando.nl\/#\/schema\/logo\/image\/"},"sameAs":["https:\/\/www.facebook.com\/andoaikido","https:\/\/www.instagram.com\/andoaikido\/","https:\/\/www.tiktok.com\/404?fromUrl=\/andoaikido","https:\/\/www.linkedin.com\/company\/andoaikido?originalSubdomain=nl"]}]}},"_links":{"self":[{"href":"https:\/\/aikido-ando.nl\/de\/wp-json\/wp\/v2\/pages\/542","targetHints":{"allow":["GET"]}}],"collection":[{"href":"https:\/\/aikido-ando.nl\/de\/wp-json\/wp\/v2\/pages"}],"about":[{"href":"https:\/\/aikido-ando.nl\/de\/wp-json\/wp\/v2\/types\/page"}],"author":[{"embeddable":true,"href":"https:\/\/aikido-ando.nl\/de\/wp-json\/wp\/v2\/users\/1"}],"replies":[{"embeddable":true,"href":"https:\/\/aikido-ando.nl\/de\/wp-json\/wp\/v2\/comments?post=542"}],"version-history":[{"count":0,"href":"https:\/\/aikido-ando.nl\/de\/wp-json\/wp\/v2\/pages\/542\/revisions"}],"wp:featuredmedia":[{"embeddable":true,"href":"https:\/\/aikido-ando.nl\/de\/wp-json\/wp\/v2\/media\/1676"}],"wp:attachment":[{"href":"https:\/\/aikido-ando.nl\/de\/wp-json\/wp\/v2\/media?parent=542"}],"curies":[{"name":"wp","href":"https:\/\/api.w.org\/{rel}","templated":true}]}}