{"id":572,"date":"2024-10-08T22:04:12","date_gmt":"2024-10-08T20:04:12","guid":{"rendered":"https:\/\/aikido-ando.nl\/?page_id=572"},"modified":"2025-08-09T19:54:34","modified_gmt":"2025-08-09T17:54:34","slug":"gemeinschaft","status":"publish","type":"page","link":"https:\/\/aikido-ando.nl\/de\/community\/","title":{"rendered":"Gemeinschaft"},"content":{"rendered":"<div data-elementor-type=\"wp-page\" data-elementor-id=\"572\" class=\"elementor elementor-572\" data-elementor-post-type=\"page\">\n\t\t\t\t<div class=\"elementor-element elementor-element-e8a8756 e-flex e-con-boxed e-con e-parent\" data-id=\"e8a8756\" data-element_type=\"container\" data-e-type=\"container\">\n\t\t\t\t\t<div class=\"e-con-inner\">\n\t\t\t\t<div class=\"elementor-element elementor-element-2ba25a8 elementor-widget elementor-widget-heading\" data-id=\"2ba25a8\" data-element_type=\"widget\" data-e-type=\"widget\" data-widget_type=\"heading.default\">\n\t\t\t\t<div class=\"elementor-widget-container\">\n\t\t\t\t\t<h2 class=\"elementor-heading-title elementor-size-default\">Globale Aikido-Gemeinschaft<\/h2>\t\t\t\t<\/div>\n\t\t\t\t<\/div>\n\t\t\t\t<div class=\"elementor-element elementor-element-2c714e1 elementor-widget elementor-widget-text-editor\" data-id=\"2c714e1\" data-element_type=\"widget\" data-e-type=\"widget\" data-widget_type=\"text-editor.default\">\n\t\t\t\t<div class=\"elementor-widget-container\">\n\t\t\t\t\t\t\t\t\t<p><strong>Aikido hat eine gro\u00dfe Gemeinschaft, die \u00fcber Dojo- und Landesgrenzen hinausgeht.<\/strong> Da Aikido weltweit praktiziert wird, gibt es keine Wettk\u00e4mpfe, sondern nur Seminare, was zu einer Einheit f\u00fchrt. Es wird nicht erwartet, dass du deine Freundschaften nach deinem Niveau oder dem Verein, in dem du trainierst, ausw\u00e4hlst. Sondern aus Gleichheit, Leidenschaft f\u00fcr Aikido und gemeinsamen Interessen. Das bedeutet, dass man viele neue Leute kennenlernt, wenn man an Seminaren im In- und Ausland teilnimmt. <strong>Sie lernen die Kulturen besser kennen<\/strong> und ihre Gewohnheiten. Sie bauen Ihr <strong>eigenes Netzwerk von Freunden<\/strong> auf der ganzen Welt, und das macht es <strong>Es macht sehr viel Spa\u00df, zu reisen und neben dem Aikido mehr von anderen zu lernen.<\/strong>. Die verschiedenen Gro\u00dfmeister reisen in die Niederlande (siehe Rubrik Seminar) oder nach Europa.<\/p><h3>Ando-Gemeinschaft<\/h3><p>Um das zu erleben, muss man nicht weit weg gehen. Man kann es in unserem eigenen Dojo tun, bei Ando. Und das vom ersten Moment an. <strong>Denn wir glauben, dass es wichtig ist, dass sich jeder willkommen f\u00fchlt.<\/strong> und aus diesem Grund wird immer f\u00fcr Sie gesorgt sein. Auf Japanisch nennen wir das auch <strong>Senpai-Kohei<\/strong>Dabei ist der Senpai der \u00e4ltere Bruder\/Schwester (Senior Aikidoka), der sich um den j\u00fcngeren (Junior Aikidoka) k\u00fcmmert und ihm hilft, wo er kann. Diese Bindung ist f\u00fcr einen Japaner sehr wichtig. Genauso wichtig wie eine gute Beziehung zwischen Sensei (Lehrer) und Deshi (Sch\u00fcler). Beziehungen sind die Bausteine und Kernwerte von uns Menschen. Also auch f\u00fcr den <strong>eine Gemeinschaft, die das Beste f\u00fcreinander will<\/strong>Wir sch\u00e4tzen uns gegenseitig, helfen einander zu wachsen, wagen es, nachzudenken und haben Spa\u00df miteinander.<\/p><h3>Besondere Verbindung<\/h3><p>Ando bleibt nicht bei den Sch\u00fclern stehen, die aktiv auf der Matte stehen, sondern <strong>Sie k\u00f6nnen sich auch danach weiter engagieren und die entstandenen Freundschaften pflegen<\/strong>. Vor allem, wenn Sie von klein auf oder seit vielen Jahren bei Ando trainiert haben, wird es immer eine besondere Verbindung geben. Wir unterst\u00fctzen dies und freuen uns immer, mit ehemaligen Sch\u00fclern in Kontakt zu bleiben. Es werden kostenlose Aktivit\u00e4ten organisiert, an denen Sie teilnehmen k\u00f6nnen.<\/p>\t\t\t\t\t\t\t\t<\/div>\n\t\t\t\t<\/div>\n\t\t\t\t\t<\/div>\n\t\t\t\t<\/div>\n\t\t<div class=\"elementor-element elementor-element-34c1610 e-flex e-con-boxed e-con e-parent\" data-id=\"34c1610\" data-element_type=\"container\" data-e-type=\"container\">\n\t\t\t\t\t<div class=\"e-con-inner\">\n\t\t<div class=\"elementor-element elementor-element-6708e3a e-con-full e-flex e-con e-child\" data-id=\"6708e3a\" data-element_type=\"container\" data-e-type=\"container\">\n\t\t\t\t<\/div>\n\t\t<div class=\"elementor-element elementor-element-b4354cc e-con-full e-flex e-con e-child\" data-id=\"b4354cc\" data-element_type=\"container\" data-e-type=\"container\">\n\t\t\t\t<\/div>\n\t\t\t\t\t<\/div>\n\t\t\t\t<\/div>\n\t\t<div class=\"elementor-element elementor-element-638f3b3 e-flex e-con-boxed e-con e-parent\" data-id=\"638f3b3\" data-element_type=\"container\" data-e-type=\"container\">\n\t\t\t\t\t<div class=\"e-con-inner\">\n\t\t\t\t<div class=\"elementor-element elementor-element-9889930 elementor-widget elementor-widget-video\" data-id=\"9889930\" data-element_type=\"widget\" data-e-type=\"widget\" data-settings=\"{&quot;video_type&quot;:&quot;vimeo&quot;}\" data-widget_type=\"video.default\">\n\t\t\t\t<div class=\"elementor-widget-container\">\n\t\t\t\t\t\t\t<div class=\"elementor-wrapper elementor-open-inline\">\n\t\t\t<iframe class=\"elementor-video-iframe\" allowfullscreen allow=\"clipboard-write\" title=\"vimeo Video-Spieler\" src=\"https:\/\/player.vimeo.com\/video\/943401629?color&amp;autopause=0&amp;loop=0&amp;muted=0&amp;title=1&amp;portrait=1&amp;byline=1#t=\" data-no-translation-title=\"\"><\/iframe>\t\t<\/div>\n\t\t\t\t\t\t<\/div>\n\t\t\t\t<\/div>\n\t\t\t\t<div class=\"elementor-element elementor-element-7cfbae3 elementor-widget elementor-widget-heading\" data-id=\"7cfbae3\" data-element_type=\"widget\" data-e-type=\"widget\" data-widget_type=\"heading.default\">\n\t\t\t\t<div class=\"elementor-widget-container\">\n\t\t\t\t\t<h2 class=\"elementor-heading-title elementor-size-default\">Ando Aikido Camp<\/h2>\t\t\t\t<\/div>\n\t\t\t\t<\/div>\n\t\t\t\t<div class=\"elementor-element elementor-element-26ef7a9 elementor-widget elementor-widget-text-editor\" data-id=\"26ef7a9\" data-element_type=\"widget\" data-e-type=\"widget\" data-widget_type=\"text-editor.default\">\n\t\t\t\t<div class=\"elementor-widget-container\">\n\t\t\t\t\t\t\t\t\t<p><strong style=\"font-family: var( --e-global-typography-text-font-family ), Sans-serif; text-align: var(--text-align); font-size: 18px;\">Wir starteten ein Kinder-\/Jugendcamp mit dem Thema \"Silvester\" f\u00fcr unsere Aikido-Gemeinschaft. Nat\u00fcrlich, weil uns noch der Pulverdampf des Feuerwerks in der Nase hing und die Oliebollen noch nicht aus den B\u00e4uchen waren, aber mehr noch wegen des R\u00fcckblicks auf 10 Jahre Ando w\u00e4hrend des Camps. Mit Highlights aus den vergangenen Camps.<\/strong><\/p><p>Was f\u00fcr ein Camp das war! Die Auswirkungen waren bei den Eltern deutlich zu sp\u00fcren. Das Camp hatte ihre Kinder ersch\u00f6pft und sie lagen danach schlafend auf der Couch. Das bedeutet zumindest eines: Das Camp MUSS ein Erfolg gewesen sein. Es war von Anfang an ein Fest. Ich pers\u00f6nlich habe die verschiedenen Aktivit\u00e4ten sehr genossen. <strong>Zusammen mit den Kinder- und Jugendmitgliedern von Ando haben wir wieder einige Abenteuer erlebt, hurra!<\/strong> Es wurde ungewohntes Essen gegessen (WAS f\u00fcr eine Stimmung), Luftballonrennen veranstaltet und Waldspiele gespielt. Das Fotospiel war sehr aufregend. Jede Gruppe nahm ein Jugendmitglied mit durch den Wald auf der Suche nach den Fotos der vermissten Mitarbeiter. Mit den Dieben auf den Fersen rannten die Kinder von Posten zu Posten, um die fehlenden Erinnerungen zu finden.<\/p><h3>Das sollten Sie nicht verpassen<\/h3><p>Zum Camp geh\u00f6rt nat\u00fcrlich auch, fr\u00fch aufzustehen, um lustige (und m\u00fcde) Fotos von uns allen zu machen! Leckere Croissants backen und sich dann in v<strong>vor dem Abendessen etwas Aikido zu \u00fcben<\/strong>. Denn ein Aikido-Camp ohne Aikido w\u00e4re zu verr\u00fcckt, um es in Worte zu fassen! Die Reise in die Vergangenheit war f\u00fcr viele Kinder ein gro\u00dfer Spa\u00df und vielleicht noch mehr f\u00fcr die Mitarbeiter? Mit verbundenen Augen konnten die Kinder und Jugendlichen in der <strong>Andos Zeitmaschine<\/strong> gepostet und eine Stimme erz\u00e4hlte, was sie alle erlebt haben. Herumfliegende Tiere, die Chihuahua-Zeckenm\u00fccke, zerfallende Pfeffergl\u00e4ser, Edos Gangnam Syle, seltsame Situationen in Michelles Dojo und nat\u00fcrlich die Medizin, die auf der Zunge glitzerte. Neben einer sch\u00f6nen <strong>Ando's Next Top Model<\/strong> Die Kinder durften sich f\u00fcr das schicke Abendessen h\u00fcbsch anziehen. Anne und Edo waren auch sehr h\u00fcbsch dekoriert! Der Rest des Personals waren die Kellner, die alle schick gekleidet waren. Sie brachten Snacks, Getr\u00e4nke und leckeres Essen. Am letzten Tag war Aufr\u00e4umen angesagt, alle haben gut mitgeholfen, und die Blockh\u00fctte, in der wir untergebracht waren, wurde aufger\u00e4umt. Nach einem belegten Br\u00f6tchen, Kaffee, Tee und einem netten Lied der Jugendmitglieder (wegen ihrer verzierten Eier) war das Lager mit einem sch\u00f6nen Abschluss beendet. Ich kann es kaum erwarten, was wir n\u00e4chstes Jahr machen!!! Ihr seid nat\u00fcrlich wieder dabei! Text: Kim L.<\/p>\t\t\t\t\t\t\t\t<\/div>\n\t\t\t\t<\/div>\n\t\t\t\t\t<\/div>\n\t\t\t\t<\/div>\n\t\t\t\t<\/div>","protected":false},"excerpt":{"rendered":"<p>Wereldwijde Aikido Community Aikido kent een grote community dat voorbij dojo en landgrenzen gaat. Doordat Aikido wereldwijd beoefend word, geen wedstrijden kent maar wel seminars zorgt dit voor eendracht. Er wordt niet van jou verwacht dat je keuzes maakt in vriendschappen gebaseerd op je niveau of club waar je voor traint. Maar juist vanuit gelijkwaardigheid, [&hellip;]<\/p>\n","protected":false},"author":1,"featured_media":1676,"parent":0,"menu_order":0,"comment_status":"closed","ping_status":"closed","template":"elementor_header_footer","meta":{"footnotes":""},"class_list":["post-572","page","type-page","status-publish","has-post-thumbnail","hentry"],"yoast_head":"<!-- This site is optimized with the Yoast SEO Premium plugin v27.3 (Yoast SEO v27.3) - https:\/\/yoast.com\/product\/yoast-seo-premium-wordpress\/ -->\n<title>Community - Aikido ANDO<\/title>\n<meta name=\"description\" content=\"Ervaar de hechte kracht van de Aikido-community bij Ando. Vanuit onze dojo in Nederland naar connecties over de hele wereld.\" \/>\n<meta name=\"robots\" content=\"index, follow, max-snippet:-1, max-image-preview:large, max-video-preview:-1\" \/>\n<link rel=\"canonical\" href=\"https:\/\/aikido-ando.nl\/de\/gemeinschaft\/\" \/>\n<meta property=\"og:locale\" content=\"de_DE\" \/>\n<meta property=\"og:type\" content=\"article\" \/>\n<meta property=\"og:title\" content=\"Community\" \/>\n<meta property=\"og:description\" content=\"Ervaar de hechte kracht van de Aikido-community bij Ando. Vanuit onze dojo in Nederland naar connecties over de hele wereld.\" \/>\n<meta property=\"og:url\" content=\"https:\/\/aikido-ando.nl\/de\/gemeinschaft\/\" \/>\n<meta property=\"og:site_name\" content=\"Aikido ANDO\" \/>\n<meta property=\"article:publisher\" content=\"https:\/\/www.facebook.com\/andoaikido\" \/>\n<meta property=\"article:modified_time\" content=\"2025-08-09T17:54:34+00:00\" \/>\n<meta property=\"og:image\" content=\"https:\/\/aikido-ando.nl\/wp-content\/uploads\/Aikido_Celebration_Ando_Dojo.webp\" \/>\n\t<meta property=\"og:image:width\" content=\"1920\" \/>\n\t<meta property=\"og:image:height\" content=\"600\" \/>\n\t<meta property=\"og:image:type\" content=\"image\/webp\" \/>\n<meta name=\"twitter:card\" content=\"summary_large_image\" \/>\n<meta name=\"twitter:label1\" content=\"Gesch\u00e4tzte Lesezeit\" \/>\n\t<meta name=\"twitter:data1\" content=\"4\u00a0Minuten\" \/>\n<script type=\"application\/ld+json\" class=\"yoast-schema-graph\">{\"@context\":\"https:\\\/\\\/schema.org\",\"@graph\":[{\"@type\":\"WebPage\",\"@id\":\"https:\\\/\\\/aikido-ando.nl\\\/community\\\/\",\"url\":\"https:\\\/\\\/aikido-ando.nl\\\/community\\\/\",\"name\":\"Community - Aikido ANDO\",\"isPartOf\":{\"@id\":\"https:\\\/\\\/aikido-ando.nl\\\/#website\"},\"primaryImageOfPage\":{\"@id\":\"https:\\\/\\\/aikido-ando.nl\\\/community\\\/#primaryimage\"},\"image\":{\"@id\":\"https:\\\/\\\/aikido-ando.nl\\\/community\\\/#primaryimage\"},\"thumbnailUrl\":\"https:\\\/\\\/aikido-ando.nl\\\/wp-content\\\/uploads\\\/Aikido_Celebration_Ando_Dojo.webp\",\"datePublished\":\"2024-10-08T20:04:12+00:00\",\"dateModified\":\"2025-08-09T17:54:34+00:00\",\"description\":\"Ervaar de hechte kracht van de Aikido-community bij Ando. Vanuit onze dojo in Nederland naar connecties over de hele wereld.\",\"breadcrumb\":{\"@id\":\"https:\\\/\\\/aikido-ando.nl\\\/community\\\/#breadcrumb\"},\"inLanguage\":\"de\",\"potentialAction\":[{\"@type\":\"ReadAction\",\"target\":[\"https:\\\/\\\/aikido-ando.nl\\\/community\\\/\"]}]},{\"@type\":\"ImageObject\",\"inLanguage\":\"de\",\"@id\":\"https:\\\/\\\/aikido-ando.nl\\\/community\\\/#primaryimage\",\"url\":\"https:\\\/\\\/aikido-ando.nl\\\/wp-content\\\/uploads\\\/Aikido_Celebration_Ando_Dojo.webp\",\"contentUrl\":\"https:\\\/\\\/aikido-ando.nl\\\/wp-content\\\/uploads\\\/Aikido_Celebration_Ando_Dojo.webp\",\"width\":1920,\"height\":600,\"caption\":\"Color Aikido, een feestelijke afsluiting van de seminar van Ando 15 jaar. Zowel kinder-Aikidoka's als volwassen aikidoka's deden mee. Niet te vergeten jeugd Aikidoka's.\"},{\"@type\":\"BreadcrumbList\",\"@id\":\"https:\\\/\\\/aikido-ando.nl\\\/community\\\/#breadcrumb\",\"itemListElement\":[{\"@type\":\"ListItem\",\"position\":1,\"name\":\"Home\",\"item\":\"https:\\\/\\\/aikido-ando.nl\\\/\"},{\"@type\":\"ListItem\",\"position\":2,\"name\":\"Community\"}]},{\"@type\":\"WebSite\",\"@id\":\"https:\\\/\\\/aikido-ando.nl\\\/#website\",\"url\":\"https:\\\/\\\/aikido-ando.nl\\\/\",\"name\":\"Aikido Ando\",\"description\":\"\",\"publisher\":{\"@id\":\"https:\\\/\\\/aikido-ando.nl\\\/#organization\"},\"potentialAction\":[{\"@type\":\"SearchAction\",\"target\":{\"@type\":\"EntryPoint\",\"urlTemplate\":\"https:\\\/\\\/aikido-ando.nl\\\/?s={search_term_string}\"},\"query-input\":{\"@type\":\"PropertyValueSpecification\",\"valueRequired\":true,\"valueName\":\"search_term_string\"}}],\"inLanguage\":\"de\"},{\"@type\":\"Organization\",\"@id\":\"https:\\\/\\\/aikido-ando.nl\\\/#organization\",\"name\":\"Aikido Ando\",\"url\":\"https:\\\/\\\/aikido-ando.nl\\\/\",\"logo\":{\"@type\":\"ImageObject\",\"inLanguage\":\"de\",\"@id\":\"https:\\\/\\\/aikido-ando.nl\\\/#\\\/schema\\\/logo\\\/image\\\/\",\"url\":\"https:\\\/\\\/aikido-ando.nl\\\/wp-content\\\/uploads\\\/Logo.webp\",\"contentUrl\":\"https:\\\/\\\/aikido-ando.nl\\\/wp-content\\\/uploads\\\/Logo.webp\",\"width\":500,\"height\":500,\"caption\":\"Aikido Ando\"},\"image\":{\"@id\":\"https:\\\/\\\/aikido-ando.nl\\\/#\\\/schema\\\/logo\\\/image\\\/\"},\"sameAs\":[\"https:\\\/\\\/www.facebook.com\\\/andoaikido\",\"https:\\\/\\\/www.instagram.com\\\/andoaikido\\\/\",\"https:\\\/\\\/www.tiktok.com\\\/404?fromUrl=\\\/andoaikido\",\"https:\\\/\\\/www.linkedin.com\\\/company\\\/andoaikido?originalSubdomain=nl\"]}]}<\/script>\n<!-- \/ Yoast SEO Premium plugin. -->","yoast_head_json":{"title":"Gemeinschaft - Aikido ANDO","description":"Erleben Sie die enge Verbundenheit der Aikido-Gemeinschaft bei Ando. Von unserem Dojo in den Niederlanden bis hin zu Verbindungen in der ganzen Welt.","robots":{"index":"index","follow":"follow","max-snippet":"max-snippet:-1","max-image-preview":"max-image-preview:large","max-video-preview":"max-video-preview:-1"},"canonical":"https:\/\/aikido-ando.nl\/de\/gemeinschaft\/","og_locale":"de_DE","og_type":"article","og_title":"Community","og_description":"Ervaar de hechte kracht van de Aikido-community bij Ando. Vanuit onze dojo in Nederland naar connecties over de hele wereld.","og_url":"https:\/\/aikido-ando.nl\/de\/gemeinschaft\/","og_site_name":"Aikido ANDO","article_publisher":"https:\/\/www.facebook.com\/andoaikido","article_modified_time":"2025-08-09T17:54:34+00:00","og_image":[{"width":1920,"height":600,"url":"https:\/\/aikido-ando.nl\/wp-content\/uploads\/Aikido_Celebration_Ando_Dojo.webp","type":"image\/webp"}],"twitter_card":"summary_large_image","twitter_misc":{"Gesch\u00e4tzte Lesezeit":"4\u00a0Minuten"},"schema":{"@context":"https:\/\/schema.org","@graph":[{"@type":"WebPage","@id":"https:\/\/aikido-ando.nl\/community\/","url":"https:\/\/aikido-ando.nl\/community\/","name":"Gemeinschaft - Aikido ANDO","isPartOf":{"@id":"https:\/\/aikido-ando.nl\/#website"},"primaryImageOfPage":{"@id":"https:\/\/aikido-ando.nl\/community\/#primaryimage"},"image":{"@id":"https:\/\/aikido-ando.nl\/community\/#primaryimage"},"thumbnailUrl":"https:\/\/aikido-ando.nl\/wp-content\/uploads\/Aikido_Celebration_Ando_Dojo.webp","datePublished":"2024-10-08T20:04:12+00:00","dateModified":"2025-08-09T17:54:34+00:00","description":"Erleben Sie die enge Verbundenheit der Aikido-Gemeinschaft bei Ando. Von unserem Dojo in den Niederlanden bis hin zu Verbindungen in der ganzen Welt.","breadcrumb":{"@id":"https:\/\/aikido-ando.nl\/community\/#breadcrumb"},"inLanguage":"de","potentialAction":[{"@type":"ReadAction","target":["https:\/\/aikido-ando.nl\/community\/"]}]},{"@type":"ImageObject","inLanguage":"de","@id":"https:\/\/aikido-ando.nl\/community\/#primaryimage","url":"https:\/\/aikido-ando.nl\/wp-content\/uploads\/Aikido_Celebration_Ando_Dojo.webp","contentUrl":"https:\/\/aikido-ando.nl\/wp-content\/uploads\/Aikido_Celebration_Ando_Dojo.webp","width":1920,"height":600,"caption":"Color Aikido, een feestelijke afsluiting van de seminar van Ando 15 jaar. Zowel kinder-Aikidoka's als volwassen aikidoka's deden mee. Niet te vergeten jeugd Aikidoka's."},{"@type":"BreadcrumbList","@id":"https:\/\/aikido-ando.nl\/community\/#breadcrumb","itemListElement":[{"@type":"ListItem","position":1,"name":"Home","item":"https:\/\/aikido-ando.nl\/"},{"@type":"ListItem","position":2,"name":"Community"}]},{"@type":"WebSite","@id":"https:\/\/aikido-ando.nl\/#website","url":"https:\/\/aikido-ando.nl\/","name":"Aikido Ando","description":"","publisher":{"@id":"https:\/\/aikido-ando.nl\/#organization"},"potentialAction":[{"@type":"SearchAction","target":{"@type":"EntryPoint","urlTemplate":"https:\/\/aikido-ando.nl\/?s={search_term_string}"},"query-input":{"@type":"PropertyValueSpecification","valueRequired":true,"valueName":"search_term_string"}}],"inLanguage":"de"},{"@type":"Organization","@id":"https:\/\/aikido-ando.nl\/#organization","name":"Aikido Ando","url":"https:\/\/aikido-ando.nl\/","logo":{"@type":"ImageObject","inLanguage":"de","@id":"https:\/\/aikido-ando.nl\/#\/schema\/logo\/image\/","url":"https:\/\/aikido-ando.nl\/wp-content\/uploads\/Logo.webp","contentUrl":"https:\/\/aikido-ando.nl\/wp-content\/uploads\/Logo.webp","width":500,"height":500,"caption":"Aikido Ando"},"image":{"@id":"https:\/\/aikido-ando.nl\/#\/schema\/logo\/image\/"},"sameAs":["https:\/\/www.facebook.com\/andoaikido","https:\/\/www.instagram.com\/andoaikido\/","https:\/\/www.tiktok.com\/404?fromUrl=\/andoaikido","https:\/\/www.linkedin.com\/company\/andoaikido?originalSubdomain=nl"]}]}},"_links":{"self":[{"href":"https:\/\/aikido-ando.nl\/de\/wp-json\/wp\/v2\/pages\/572","targetHints":{"allow":["GET"]}}],"collection":[{"href":"https:\/\/aikido-ando.nl\/de\/wp-json\/wp\/v2\/pages"}],"about":[{"href":"https:\/\/aikido-ando.nl\/de\/wp-json\/wp\/v2\/types\/page"}],"author":[{"embeddable":true,"href":"https:\/\/aikido-ando.nl\/de\/wp-json\/wp\/v2\/users\/1"}],"replies":[{"embeddable":true,"href":"https:\/\/aikido-ando.nl\/de\/wp-json\/wp\/v2\/comments?post=572"}],"version-history":[{"count":0,"href":"https:\/\/aikido-ando.nl\/de\/wp-json\/wp\/v2\/pages\/572\/revisions"}],"wp:featuredmedia":[{"embeddable":true,"href":"https:\/\/aikido-ando.nl\/de\/wp-json\/wp\/v2\/media\/1676"}],"wp:attachment":[{"href":"https:\/\/aikido-ando.nl\/de\/wp-json\/wp\/v2\/media?parent=572"}],"curies":[{"name":"wp","href":"https:\/\/api.w.org\/{rel}","templated":true}]}}