{"id":656,"date":"2024-10-13T15:15:31","date_gmt":"2024-10-13T13:15:31","guid":{"rendered":"https:\/\/aikido-ando.nl\/?page_id=656"},"modified":"2024-12-10T13:59:58","modified_gmt":"2024-12-10T12:59:58","slug":"gesellschaftliches-engagement","status":"publish","type":"page","link":"https:\/\/aikido-ando.nl\/de\/maatschappelijke-inzet\/","title":{"rendered":"Soziales Engagement"},"content":{"rendered":"<div data-elementor-type=\"wp-page\" data-elementor-id=\"656\" class=\"elementor elementor-656\" data-elementor-post-type=\"page\">\n\t\t\t\t<div class=\"elementor-element elementor-element-2716497 e-flex e-con-boxed e-con e-parent\" data-id=\"2716497\" data-element_type=\"container\" data-e-type=\"container\">\n\t\t\t\t\t<div class=\"e-con-inner\">\n\t\t\t\t<div class=\"elementor-element elementor-element-37e0530 elementor-widget elementor-widget-text-editor\" data-id=\"37e0530\" data-element_type=\"widget\" data-e-type=\"widget\" data-widget_type=\"text-editor.default\">\n\t\t\t\t<div class=\"elementor-widget-container\">\n\t\t\t\t\t\t\t\t\t<h2>Soziales Engagement Aikido<\/h2><p><strong>Die Aikidoschule Ando bringt ihre soziale Botschaft deutlich zum Ausdruck. Im Jahr 2006 wurde die Aikido-Schule Ando von der KNKF im Auftrag des VWS-Ministeriums gebeten, ihr Fachwissen an Grundschulen einzusetzen. Es war der ausdr\u00fcckliche Wunsch von Frau J. Bussemakers, mit Grundschulen zu arbeiten, damit der Mehrwert des Sports der Entwicklung der Kinder zugute kommt.  Es handelte sich um ein vierj\u00e4hriges Projekt.<\/strong><\/p>\t\t\t\t\t\t\t\t<\/div>\n\t\t\t\t<\/div>\n\t\t\t\t<div class=\"elementor-element elementor-element-e9ffc25 elementor-widget elementor-widget-text-editor\" data-id=\"e9ffc25\" data-element_type=\"widget\" data-e-type=\"widget\" data-widget_type=\"text-editor.default\">\n\t\t\t\t<div class=\"elementor-widget-container\">\n\t\t\t\t\t\t\t\t\t<h3>Gemeinsam das Selbstvertrauen (wieder)entdecken.<\/h3>\n<p>In der heutigen Gesellschaft ist eine Verh\u00e4rtung des sozialen Klimas zu beobachten. Diese Verh\u00e4rtung betrifft auch die j\u00fcngsten Teilnehmer.<\/p>\n<p>Bei Jugendlichen ist eine Zunahme der Wut zu beobachten, die auf ein verletztes Selbstvertrauen und ein Gef\u00fchl der Unsicherheit zur\u00fcckzuf\u00fchren ist. Die Sch\u00fcler werden aufgefordert, jeden Tag Entscheidungen zu treffen, innerhalb und au\u00dferhalb der Schule.<\/p>\n<p>Unser Programm zielt darauf ab, Kindern zu helfen, M\u00f6glichkeiten zu sehen und Raum zu erfahren, wo er nicht offensichtlich ist. Wir nutzen die praktischen Anleitungen der Aikido-Traditionen als Inspiration.<\/p>\n<p>Wir wissen, dass es kein Instant-Men\u00fc geben kann. Der Wandel ist ein Prozess, man muss geduldig sein und ihn h\u00e4ufig vollziehen. Es ist jedoch erwiesen, dass die kleinste Ver\u00e4nderung jetzt gro\u00dfe Auswirkungen auf lange Sicht haben kann.<\/p>\n<p>Gemeinsam mit den Schulen leiten wir diesen Prozess ein, um die Abh\u00e4rtung wieder auf ein akzeptables Niveau zu bringen, damit die Sch\u00fcler (wieder) Selbstvertrauen finden k\u00f6nnen.<\/p>\n<p>Die St\u00e4rke dieses Programms liegt darin, dass wir gemeinsam etwas bewirken k\u00f6nnen. M\u00f6chten Sie mehr \u00fcber das Gesamtschulprogramm \u2018Gemeinsam etwas bewirken\u2019 erfahren? Dann nehmen Sie Kontakt mit uns auf, um einen Termin mit Ihnen zu vereinbaren.<\/p>\n<h3><b>Aikido-Unterricht in Grundschulen<\/b><\/h3>\n<p>Der Bienenstock: Aikido im Newsletter der Oberstufe<br>Im Sportunterricht der Oberstufe werden wir in den kommenden Wochen das Programm \u2018We make a difference\u2019! bearbeiten. Bei diesem Programm dreht sich alles um Aikido. Aikido ist ein Selbstverteidigungssport, bei dem es darum geht, zu lernen, nicht zu k\u00e4mpfen und sich zu beherrschen. Das Programm besteht aus einem Leseheft, einem Arbeitsbuch und Aufgaben. Die Kinder entdecken die Geheimnisse des Aikido und schreiben ihren eigenen Namen in japanischer Sprache. Im Rahmen dieses Programms unterrichten Trainer der Aikido-Schule Ando jede Woche (donnerstags w\u00e4hrend des Sportunterrichts) eine Lektion, die im Leseheft beschrieben ist. Vielleicht erfahren Sie von Ihrem Kind mehr dar\u00fcber.<\/p>\n<p>Grundschule De Bijenkorf<br>Dir. Herr H. Berndsen<\/p>\n<p>Louis Buelens Ditjes en Datjes Newsletter <br>Gruppenfoto nach der \u2018Pest-Stunde\u2019<\/p>\n<p>Morgen starten die Gruppen 6, 7 und 8 ein Projekt rund um die Sportart Aikido. Diese uralte japanische Kampfsportart stellt hohe Anforderungen an Selbstbeherrschung und sportliches Verhalten. Dieser Sport wird als Mittel zur sozialen und emotionalen Entwicklung der Sch\u00fcler eingesetzt.<br>Unterst\u00fctzung. Neben dem Unterricht in Aikido gibt es eine schriftliche Aufarbeitung aller Aktivit\u00e4ten. Dieses Projekt, das von zwei ehemaligen Sch\u00fclern und ihren Eltern durchgef\u00fchrt wird, wird vom Ministerium finanziell unterst\u00fctzt. Wir w\u00fcnschen Anne und Edo viel Spa\u00df und Erfolg hier an ihrer alten Schule mit diesem tollen Projekt!<\/p>\n<p>Louis-Buelens-Grundschule<br>bs-louisbuelens.com<\/p>\n<p>Kontaktieren Sie Ando, um soziale Aikido-Initiativen in Ihrer Umgebung zu entdecken.<\/p>\t\t\t\t\t\t\t\t<\/div>\n\t\t\t\t<\/div>\n\t\t\t\t\t<\/div>\n\t\t\t\t<\/div>\n\t\t\t\t<\/div>","protected":false},"excerpt":{"rendered":"<p>Maatschappelijke inzet Aikido Aikido School Ando brengt duidelijk hun maatschappelijke boodschap over.\u00a0In 2006 is Aikido School Ando door het KNKF, namens het Ministerie van VWS, gevraagd om hun expertise in te zetten op basisscholen. Het was de uitdrukkelijk wens van mw. J. Bussemakers om met de basisscholen samen te werken zodat de toegevoegde waarde van [&hellip;]<\/p>\n","protected":false},"author":1,"featured_media":1678,"parent":0,"menu_order":0,"comment_status":"closed","ping_status":"closed","template":"elementor_header_footer","meta":{"footnotes":""},"class_list":["post-656","page","type-page","status-publish","has-post-thumbnail","hentry"],"yoast_head":"<!-- This site is optimized with the Yoast SEO Premium plugin v27.3 (Yoast SEO v27.3) - https:\/\/yoast.com\/product\/yoast-seo-premium-wordpress\/ -->\n<title>Maatschappelijke inzet - Aikido ANDO<\/title>\n<meta name=\"description\" content=\"Ontdek hoe Aikido ANDO bijdraagt aan de samenleving met programma&#039;s op basisscholen en initiatieven voor zelfvertrouwen en veiligheid.\" \/>\n<meta name=\"robots\" content=\"index, follow, max-snippet:-1, max-image-preview:large, max-video-preview:-1\" \/>\n<link rel=\"canonical\" href=\"https:\/\/aikido-ando.nl\/de\/gesellschaftliches-engagement\/\" \/>\n<meta property=\"og:locale\" content=\"de_DE\" \/>\n<meta property=\"og:type\" content=\"article\" \/>\n<meta property=\"og:title\" content=\"Maatschappelijke inzet\" \/>\n<meta property=\"og:description\" content=\"Ontdek hoe Aikido ANDO bijdraagt aan de samenleving met programma&#039;s op basisscholen en initiatieven voor zelfvertrouwen en veiligheid.\" \/>\n<meta property=\"og:url\" content=\"https:\/\/aikido-ando.nl\/de\/gesellschaftliches-engagement\/\" \/>\n<meta property=\"og:site_name\" content=\"Aikido ANDO\" \/>\n<meta property=\"article:publisher\" content=\"https:\/\/www.facebook.com\/andoaikido\" \/>\n<meta property=\"article:modified_time\" content=\"2024-12-10T12:59:58+00:00\" \/>\n<meta property=\"og:image\" content=\"https:\/\/aikido-ando.nl\/wp-content\/uploads\/AnneSlui_sensei_Aikido_dojo_Eindhoven_StrijpS-2.webp\" \/>\n\t<meta property=\"og:image:width\" content=\"1920\" \/>\n\t<meta property=\"og:image:height\" content=\"600\" \/>\n\t<meta property=\"og:image:type\" content=\"image\/webp\" \/>\n<meta name=\"twitter:card\" content=\"summary_large_image\" \/>\n<meta name=\"twitter:label1\" content=\"Gesch\u00e4tzte Lesezeit\" \/>\n\t<meta name=\"twitter:data1\" content=\"3\u00a0Minuten\" \/>\n<script type=\"application\/ld+json\" class=\"yoast-schema-graph\">{\"@context\":\"https:\\\/\\\/schema.org\",\"@graph\":[{\"@type\":\"WebPage\",\"@id\":\"https:\\\/\\\/aikido-ando.nl\\\/maatschappelijke-inzet\\\/\",\"url\":\"https:\\\/\\\/aikido-ando.nl\\\/maatschappelijke-inzet\\\/\",\"name\":\"Maatschappelijke inzet - Aikido ANDO\",\"isPartOf\":{\"@id\":\"https:\\\/\\\/aikido-ando.nl\\\/#website\"},\"primaryImageOfPage\":{\"@id\":\"https:\\\/\\\/aikido-ando.nl\\\/maatschappelijke-inzet\\\/#primaryimage\"},\"image\":{\"@id\":\"https:\\\/\\\/aikido-ando.nl\\\/maatschappelijke-inzet\\\/#primaryimage\"},\"thumbnailUrl\":\"https:\\\/\\\/aikido-ando.nl\\\/wp-content\\\/uploads\\\/AnneSlui_sensei_Aikido_dojo_Eindhoven_StrijpS-2.webp\",\"datePublished\":\"2024-10-13T13:15:31+00:00\",\"dateModified\":\"2024-12-10T12:59:58+00:00\",\"description\":\"Ontdek hoe Aikido ANDO bijdraagt aan de samenleving met programma's op basisscholen en initiatieven voor zelfvertrouwen en veiligheid.\",\"breadcrumb\":{\"@id\":\"https:\\\/\\\/aikido-ando.nl\\\/maatschappelijke-inzet\\\/#breadcrumb\"},\"inLanguage\":\"de\",\"potentialAction\":[{\"@type\":\"ReadAction\",\"target\":[\"https:\\\/\\\/aikido-ando.nl\\\/maatschappelijke-inzet\\\/\"]}]},{\"@type\":\"ImageObject\",\"inLanguage\":\"de\",\"@id\":\"https:\\\/\\\/aikido-ando.nl\\\/maatschappelijke-inzet\\\/#primaryimage\",\"url\":\"https:\\\/\\\/aikido-ando.nl\\\/wp-content\\\/uploads\\\/AnneSlui_sensei_Aikido_dojo_Eindhoven_StrijpS-2.webp\",\"contentUrl\":\"https:\\\/\\\/aikido-ando.nl\\\/wp-content\\\/uploads\\\/AnneSlui_sensei_Aikido_dojo_Eindhoven_StrijpS-2.webp\",\"width\":1920,\"height\":600,\"caption\":\"Sensei Anne Slui werpt Edo met de Jo op Strijp-S in een Urban setting. Dit geeft Aikido een urban-aikido tintje.\"},{\"@type\":\"BreadcrumbList\",\"@id\":\"https:\\\/\\\/aikido-ando.nl\\\/maatschappelijke-inzet\\\/#breadcrumb\",\"itemListElement\":[{\"@type\":\"ListItem\",\"position\":1,\"name\":\"Home\",\"item\":\"https:\\\/\\\/aikido-ando.nl\\\/\"},{\"@type\":\"ListItem\",\"position\":2,\"name\":\"Maatschappelijke inzet\"}]},{\"@type\":\"WebSite\",\"@id\":\"https:\\\/\\\/aikido-ando.nl\\\/#website\",\"url\":\"https:\\\/\\\/aikido-ando.nl\\\/\",\"name\":\"Aikido Ando\",\"description\":\"\",\"publisher\":{\"@id\":\"https:\\\/\\\/aikido-ando.nl\\\/#organization\"},\"potentialAction\":[{\"@type\":\"SearchAction\",\"target\":{\"@type\":\"EntryPoint\",\"urlTemplate\":\"https:\\\/\\\/aikido-ando.nl\\\/?s={search_term_string}\"},\"query-input\":{\"@type\":\"PropertyValueSpecification\",\"valueRequired\":true,\"valueName\":\"search_term_string\"}}],\"inLanguage\":\"de\"},{\"@type\":\"Organization\",\"@id\":\"https:\\\/\\\/aikido-ando.nl\\\/#organization\",\"name\":\"Aikido Ando\",\"url\":\"https:\\\/\\\/aikido-ando.nl\\\/\",\"logo\":{\"@type\":\"ImageObject\",\"inLanguage\":\"de\",\"@id\":\"https:\\\/\\\/aikido-ando.nl\\\/#\\\/schema\\\/logo\\\/image\\\/\",\"url\":\"https:\\\/\\\/aikido-ando.nl\\\/wp-content\\\/uploads\\\/Logo.webp\",\"contentUrl\":\"https:\\\/\\\/aikido-ando.nl\\\/wp-content\\\/uploads\\\/Logo.webp\",\"width\":500,\"height\":500,\"caption\":\"Aikido Ando\"},\"image\":{\"@id\":\"https:\\\/\\\/aikido-ando.nl\\\/#\\\/schema\\\/logo\\\/image\\\/\"},\"sameAs\":[\"https:\\\/\\\/www.facebook.com\\\/andoaikido\",\"https:\\\/\\\/www.instagram.com\\\/andoaikido\\\/\",\"https:\\\/\\\/www.tiktok.com\\\/404?fromUrl=\\\/andoaikido\",\"https:\\\/\\\/www.linkedin.com\\\/company\\\/andoaikido?originalSubdomain=nl\"]}]}<\/script>\n<!-- \/ Yoast SEO Premium plugin. -->","yoast_head_json":{"title":"Gesellschaftliches Engagement - Aikido ANDO","description":"Erfahren Sie, wie Aikido ANDO mit Programmen in Grundschulen und Initiativen f\u00fcr Selbstvertrauen und Sicherheit zur Gesellschaft beitr\u00e4gt.","robots":{"index":"index","follow":"follow","max-snippet":"max-snippet:-1","max-image-preview":"max-image-preview:large","max-video-preview":"max-video-preview:-1"},"canonical":"https:\/\/aikido-ando.nl\/de\/gesellschaftliches-engagement\/","og_locale":"de_DE","og_type":"article","og_title":"Maatschappelijke inzet","og_description":"Ontdek hoe Aikido ANDO bijdraagt aan de samenleving met programma's op basisscholen en initiatieven voor zelfvertrouwen en veiligheid.","og_url":"https:\/\/aikido-ando.nl\/de\/gesellschaftliches-engagement\/","og_site_name":"Aikido ANDO","article_publisher":"https:\/\/www.facebook.com\/andoaikido","article_modified_time":"2024-12-10T12:59:58+00:00","og_image":[{"width":1920,"height":600,"url":"https:\/\/aikido-ando.nl\/wp-content\/uploads\/AnneSlui_sensei_Aikido_dojo_Eindhoven_StrijpS-2.webp","type":"image\/webp"}],"twitter_card":"summary_large_image","twitter_misc":{"Gesch\u00e4tzte Lesezeit":"3\u00a0Minuten"},"schema":{"@context":"https:\/\/schema.org","@graph":[{"@type":"WebPage","@id":"https:\/\/aikido-ando.nl\/maatschappelijke-inzet\/","url":"https:\/\/aikido-ando.nl\/maatschappelijke-inzet\/","name":"Gesellschaftliches Engagement - Aikido ANDO","isPartOf":{"@id":"https:\/\/aikido-ando.nl\/#website"},"primaryImageOfPage":{"@id":"https:\/\/aikido-ando.nl\/maatschappelijke-inzet\/#primaryimage"},"image":{"@id":"https:\/\/aikido-ando.nl\/maatschappelijke-inzet\/#primaryimage"},"thumbnailUrl":"https:\/\/aikido-ando.nl\/wp-content\/uploads\/AnneSlui_sensei_Aikido_dojo_Eindhoven_StrijpS-2.webp","datePublished":"2024-10-13T13:15:31+00:00","dateModified":"2024-12-10T12:59:58+00:00","description":"Erfahren Sie, wie Aikido ANDO mit Programmen in Grundschulen und Initiativen f\u00fcr Selbstvertrauen und Sicherheit zur Gesellschaft beitr\u00e4gt.","breadcrumb":{"@id":"https:\/\/aikido-ando.nl\/maatschappelijke-inzet\/#breadcrumb"},"inLanguage":"de","potentialAction":[{"@type":"ReadAction","target":["https:\/\/aikido-ando.nl\/maatschappelijke-inzet\/"]}]},{"@type":"ImageObject","inLanguage":"de","@id":"https:\/\/aikido-ando.nl\/maatschappelijke-inzet\/#primaryimage","url":"https:\/\/aikido-ando.nl\/wp-content\/uploads\/AnneSlui_sensei_Aikido_dojo_Eindhoven_StrijpS-2.webp","contentUrl":"https:\/\/aikido-ando.nl\/wp-content\/uploads\/AnneSlui_sensei_Aikido_dojo_Eindhoven_StrijpS-2.webp","width":1920,"height":600,"caption":"Sensei Anne Slui werpt Edo met de Jo op Strijp-S in een Urban setting. Dit geeft Aikido een urban-aikido tintje."},{"@type":"BreadcrumbList","@id":"https:\/\/aikido-ando.nl\/maatschappelijke-inzet\/#breadcrumb","itemListElement":[{"@type":"ListItem","position":1,"name":"Home","item":"https:\/\/aikido-ando.nl\/"},{"@type":"ListItem","position":2,"name":"Maatschappelijke inzet"}]},{"@type":"WebSite","@id":"https:\/\/aikido-ando.nl\/#website","url":"https:\/\/aikido-ando.nl\/","name":"Aikido Ando","description":"","publisher":{"@id":"https:\/\/aikido-ando.nl\/#organization"},"potentialAction":[{"@type":"SearchAction","target":{"@type":"EntryPoint","urlTemplate":"https:\/\/aikido-ando.nl\/?s={search_term_string}"},"query-input":{"@type":"PropertyValueSpecification","valueRequired":true,"valueName":"search_term_string"}}],"inLanguage":"de"},{"@type":"Organization","@id":"https:\/\/aikido-ando.nl\/#organization","name":"Aikido Ando","url":"https:\/\/aikido-ando.nl\/","logo":{"@type":"ImageObject","inLanguage":"de","@id":"https:\/\/aikido-ando.nl\/#\/schema\/logo\/image\/","url":"https:\/\/aikido-ando.nl\/wp-content\/uploads\/Logo.webp","contentUrl":"https:\/\/aikido-ando.nl\/wp-content\/uploads\/Logo.webp","width":500,"height":500,"caption":"Aikido Ando"},"image":{"@id":"https:\/\/aikido-ando.nl\/#\/schema\/logo\/image\/"},"sameAs":["https:\/\/www.facebook.com\/andoaikido","https:\/\/www.instagram.com\/andoaikido\/","https:\/\/www.tiktok.com\/404?fromUrl=\/andoaikido","https:\/\/www.linkedin.com\/company\/andoaikido?originalSubdomain=nl"]}]}},"_links":{"self":[{"href":"https:\/\/aikido-ando.nl\/de\/wp-json\/wp\/v2\/pages\/656","targetHints":{"allow":["GET"]}}],"collection":[{"href":"https:\/\/aikido-ando.nl\/de\/wp-json\/wp\/v2\/pages"}],"about":[{"href":"https:\/\/aikido-ando.nl\/de\/wp-json\/wp\/v2\/types\/page"}],"author":[{"embeddable":true,"href":"https:\/\/aikido-ando.nl\/de\/wp-json\/wp\/v2\/users\/1"}],"replies":[{"embeddable":true,"href":"https:\/\/aikido-ando.nl\/de\/wp-json\/wp\/v2\/comments?post=656"}],"version-history":[{"count":0,"href":"https:\/\/aikido-ando.nl\/de\/wp-json\/wp\/v2\/pages\/656\/revisions"}],"wp:featuredmedia":[{"embeddable":true,"href":"https:\/\/aikido-ando.nl\/de\/wp-json\/wp\/v2\/media\/1678"}],"wp:attachment":[{"href":"https:\/\/aikido-ando.nl\/de\/wp-json\/wp\/v2\/media?parent=656"}],"curies":[{"name":"wp","href":"https:\/\/api.w.org\/{rel}","templated":true}]}}