{"id":572,"date":"2024-10-08T22:04:12","date_gmt":"2024-10-08T20:04:12","guid":{"rendered":"https:\/\/aikido-ando.nl\/?page_id=572"},"modified":"2025-08-09T19:54:34","modified_gmt":"2025-08-09T17:54:34","slug":"comunidad","status":"publish","type":"page","link":"https:\/\/aikido-ando.nl\/es\/community\/","title":{"rendered":"Comunidad"},"content":{"rendered":"<div data-elementor-type=\"wp-page\" data-elementor-id=\"572\" class=\"elementor elementor-572\" data-elementor-post-type=\"page\">\n\t\t\t\t<div class=\"elementor-element elementor-element-e8a8756 e-flex e-con-boxed e-con e-parent\" data-id=\"e8a8756\" data-element_type=\"container\" data-e-type=\"container\">\n\t\t\t\t\t<div class=\"e-con-inner\">\n\t\t\t\t<div class=\"elementor-element elementor-element-2ba25a8 elementor-widget elementor-widget-heading\" data-id=\"2ba25a8\" data-element_type=\"widget\" data-e-type=\"widget\" data-widget_type=\"heading.default\">\n\t\t\t\t<div class=\"elementor-widget-container\">\n\t\t\t\t\t<h2 class=\"elementor-heading-title elementor-size-default\">Comunidad mundial de Aikido<\/h2>\t\t\t\t<\/div>\n\t\t\t\t<\/div>\n\t\t\t\t<div class=\"elementor-element elementor-element-2c714e1 elementor-widget elementor-widget-text-editor\" data-id=\"2c714e1\" data-element_type=\"widget\" data-e-type=\"widget\" data-widget_type=\"text-editor.default\">\n\t\t\t\t<div class=\"elementor-widget-container\">\n\t\t\t\t\t\t\t\t\t<p><strong>El aikido tiene una gran comunidad que va m\u00e1s all\u00e1 de las fronteras de los dojos y los pa\u00edses.<\/strong> Como el Aikido se practica en todo el mundo, no hay competiciones pero s\u00ed seminarios, lo que crea unidad. No se espera que elijas tus amistades en funci\u00f3n de tu nivel o del club en el que entrenas. Sino m\u00e1s bien desde la igualdad, la pasi\u00f3n por el Aikido y los intereses comunes. Esto significa que se llega a conocer a mucha gente nueva yendo a seminarios en el pa\u00eds y en el extranjero. <strong>Se conocen mejor las culturas<\/strong> y sus h\u00e1bitos. Usted construye su <strong>propia red de amigos<\/strong> en todo el mundo y eso hace que <strong>super divertido viajar y aprender m\u00e1s de los dem\u00e1s adem\u00e1s de practicar Aikido<\/strong>. Los distintos grandes maestros viajan a los Pa\u00edses Bajos (v\u00e9ase la r\u00fabrica del seminario) o a Europa.<\/p><h3>Comunidad Ando<\/h3><p>No hace falta irse lejos para experimentarlo. Se puede hacer en nuestro propio dojo, en Ando. Eso desde el primer momento. <strong>Creemos que es importante que todo el mundo se sienta bienvenido.<\/strong> y por esta raz\u00f3n siempre te cuidar\u00e1n. En japon\u00e9s, tambi\u00e9n llamamos a esto <strong>Senpai-Kohei<\/strong>, El senpai es el hermano\/hermana mayor (aikidoka senior) que cuida de los m\u00e1s j\u00f3venes (aikidoka junior) y les ayuda en lo posible. Este v\u00ednculo es muy importante para un japon\u00e9s. Tan importante como una buena relaci\u00f3n entre Sensei (profesor) y Deshi (alumno). Las relaciones son los cimientos y los valores fundamentales de nosotros como seres humanos. As\u00ed que tambi\u00e9n para los <strong>una comunidad que quiere lo mejor para los dem\u00e1s<\/strong>, valorarnos mutuamente, ayudarnos a crecer, atrevernos a reflexionar y divertirnos juntos.<\/p><h3>Conexi\u00f3n especial<\/h3><p>Ando no se detiene en los alumnos que est\u00e1n activamente en el tatami, sino que <strong>Tambi\u00e9n puedes seguir participando despu\u00e9s y mantener las amistades forjadas.<\/strong>. Especialmente si te has formado en Ando desde muy joven o durante muchos a\u00f1os, siempre existir\u00e1 una conexi\u00f3n especial. Nosotros lo apoyamos y siempre nos gusta seguir en contacto con los antiguos alumnos. Se organizan actividades gratuitas a las que puedes asistir.<\/p>\t\t\t\t\t\t\t\t<\/div>\n\t\t\t\t<\/div>\n\t\t\t\t\t<\/div>\n\t\t\t\t<\/div>\n\t\t<div class=\"elementor-element elementor-element-34c1610 e-flex e-con-boxed e-con e-parent\" data-id=\"34c1610\" data-element_type=\"container\" data-e-type=\"container\">\n\t\t\t\t\t<div class=\"e-con-inner\">\n\t\t<div class=\"elementor-element elementor-element-6708e3a e-con-full e-flex e-con e-child\" data-id=\"6708e3a\" data-element_type=\"container\" data-e-type=\"container\">\n\t\t\t\t<\/div>\n\t\t<div class=\"elementor-element elementor-element-b4354cc e-con-full e-flex e-con e-child\" data-id=\"b4354cc\" data-element_type=\"container\" data-e-type=\"container\">\n\t\t\t\t<\/div>\n\t\t\t\t\t<\/div>\n\t\t\t\t<\/div>\n\t\t<div class=\"elementor-element elementor-element-638f3b3 e-flex e-con-boxed e-con e-parent\" data-id=\"638f3b3\" data-element_type=\"container\" data-e-type=\"container\">\n\t\t\t\t\t<div class=\"e-con-inner\">\n\t\t\t\t<div class=\"elementor-element elementor-element-9889930 elementor-widget elementor-widget-video\" data-id=\"9889930\" data-element_type=\"widget\" data-e-type=\"widget\" data-settings=\"{&quot;video_type&quot;:&quot;vimeo&quot;}\" data-widget_type=\"video.default\">\n\t\t\t\t<div class=\"elementor-widget-container\">\n\t\t\t\t\t\t\t<div class=\"elementor-wrapper elementor-open-inline\">\n\t\t\t<iframe class=\"elementor-video-iframe\" allowfullscreen allow=\"clipboard-write\" title=\"Lecteur vid\u00e9o vimeo\" src=\"https:\/\/player.vimeo.com\/video\/943401629?color&amp;autopause=0&amp;loop=0&amp;muted=0&amp;title=1&amp;portrait=1&amp;byline=1#t=\" data-no-translation-title=\"\"><\/iframe>\t\t<\/div>\n\t\t\t\t\t\t<\/div>\n\t\t\t\t<\/div>\n\t\t\t\t<div class=\"elementor-element elementor-element-7cfbae3 elementor-widget elementor-widget-heading\" data-id=\"7cfbae3\" data-element_type=\"widget\" data-e-type=\"widget\" data-widget_type=\"heading.default\">\n\t\t\t\t<div class=\"elementor-widget-container\">\n\t\t\t\t\t<h2 class=\"elementor-heading-title elementor-size-default\">Campamento de Aikido Ando<\/h2>\t\t\t\t<\/div>\n\t\t\t\t<\/div>\n\t\t\t\t<div class=\"elementor-element elementor-element-26ef7a9 elementor-widget elementor-widget-text-editor\" data-id=\"26ef7a9\" data-element_type=\"widget\" data-e-type=\"widget\" data-widget_type=\"text-editor.default\">\n\t\t\t\t<div class=\"elementor-widget-container\">\n\t\t\t\t\t\t\t\t\t<p><strong style=\"font-family: var( --e-global-typography-text-font-family ), Sans-serif; text-align: var(--text-align); font-size: 18px;\">Empezamos un campamento infantil\/juvenil con el tema \u201cNochevieja\u201d para nuestra comunidad de Aikido. Por supuesto porque todav\u00eda ten\u00edamos los vapores de p\u00f3lvora de los fuegos artificiales colgando en nuestras fosas nasales y los oliebollen a\u00fan no hab\u00edan abandonado nuestras barrigas, pero m\u00e1s a\u00fan por la mirada retrospectiva a los 10 a\u00f1os de Ando durante el campamento. Con los momentos m\u00e1s destacados de los campamentos anteriores incorporados.<\/strong><\/p><p>\u00a1Menudo campamento! Los padres notaron claramente los efectos. El campamento hab\u00eda cansado a sus hijos y despu\u00e9s se quedaron dormidos en el sof\u00e1. Al menos eso significa una cosa: ese campamento DEBE haber sido un \u00e9xito. Fue una fiesta desde el principio. Personalmente, disfrut\u00e9 mucho con las distintas actividades. <strong>Junto con los miembros infantiles y juveniles de Ando, volvimos a vivir algunas aventuras, \u00a1hurra!<\/strong> Se comi\u00f3 comida desconocida (QU\u00c9 MOOD), se celebraron carreras de globos y se jug\u00f3 a juegos del bosque. El juego de las fotos fue muy emocionante. Cada grupo de ni\u00f1os llev\u00f3 a un miembro de la juventud por el bosque en busca de las fotos de los miembros del personal desaparecidos. Con los ladrones pis\u00e1ndoles los talones, los chavales corrieron de puesto en puesto en busca de los recuerdos desaparecidos.<\/p><h3>No se lo pierda<\/h3><p>Por supuesto, \u00a1el campamento tambi\u00e9n implica levantarse temprano para hacernos fotos divertidas (y cansadas) a todos! Hacer sabrosos cruasanes y luego cambiar a v<strong>antes de cenar para practicar algo de Aikido<\/strong>. \u00a1Porque un campamento de Aikido sin Aikido ser\u00eda demasiado loco para las palabras! El viaje en el tiempo fue muy divertido para muchos ni\u00f1os y quiz\u00e1s a\u00fan m\u00e1s divertido para los miembros del personal? Con los ojos vendados, los ni\u00f1os y j\u00f3venes miembros del <strong>La m\u00e1quina del tiempo de Ando<\/strong> publicado y una voz cont\u00f3 lo que todos vivieron. Animales volando, el mosquito garrapata chihuahua, botes de pimienta cay\u00e9ndose a pedazos, el Gangnam Syle de Edo, situaciones extra\u00f1as en el dojo de Michelle y, por supuesto, la medicina que brillaba en la lengua. Adem\u00e1s de una hermosa <strong>Ando's Next Top Model<\/strong> los ni\u00f1os se vistieron muy bien para la elegante cena. Anne y Edo tambi\u00e9n iban muy bien decorados. El resto del personal eran los camareros, todos muy bien vestidos. Llevaban aperitivos, bebidas y comida deliciosa. El \u00faltimo d\u00eda estaba previsto para la limpieza, todo el mundo ayud\u00f3 bien y la caba\u00f1a de madera en la que est\u00e1bamos qued\u00f3 ordenada. Despu\u00e9s de un bocadillo, caf\u00e9, t\u00e9 y una bonita canci\u00f3n de los miembros de la juventud (por sus huevos adoptados), el campamento termin\u00f3 con un bonito final. \u00a1\u00a1\u00a1No puedo esperar a ver lo que haremos el a\u00f1o que viene!!! \u00a1Nos acompa\u00f1ar\u00e1s, por supuesto! Texto: Kim L.<\/p>\t\t\t\t\t\t\t\t<\/div>\n\t\t\t\t<\/div>\n\t\t\t\t\t<\/div>\n\t\t\t\t<\/div>\n\t\t\t\t<\/div>","protected":false},"excerpt":{"rendered":"<p>Wereldwijde Aikido Community Aikido kent een grote community dat voorbij dojo en landgrenzen gaat. Doordat Aikido wereldwijd beoefend word, geen wedstrijden kent maar wel seminars zorgt dit voor eendracht. Er wordt niet van jou verwacht dat je keuzes maakt in vriendschappen gebaseerd op je niveau of club waar je voor traint. Maar juist vanuit gelijkwaardigheid, [&hellip;]<\/p>\n","protected":false},"author":1,"featured_media":1676,"parent":0,"menu_order":0,"comment_status":"closed","ping_status":"closed","template":"elementor_header_footer","meta":{"footnotes":""},"class_list":["post-572","page","type-page","status-publish","has-post-thumbnail","hentry"],"yoast_head":"<!-- This site is optimized with the Yoast SEO Premium plugin v27.3 (Yoast SEO v27.3) - https:\/\/yoast.com\/product\/yoast-seo-premium-wordpress\/ -->\n<title>Community - Aikido ANDO<\/title>\n<meta name=\"description\" content=\"Ervaar de hechte kracht van de Aikido-community bij Ando. Vanuit onze dojo in Nederland naar connecties over de hele wereld.\" \/>\n<meta name=\"robots\" content=\"index, follow, max-snippet:-1, max-image-preview:large, max-video-preview:-1\" \/>\n<link rel=\"canonical\" href=\"https:\/\/aikido-ando.nl\/es\/comunidad\/\" \/>\n<meta property=\"og:locale\" content=\"es_ES\" \/>\n<meta property=\"og:type\" content=\"article\" \/>\n<meta property=\"og:title\" content=\"Community\" \/>\n<meta property=\"og:description\" content=\"Ervaar de hechte kracht van de Aikido-community bij Ando. Vanuit onze dojo in Nederland naar connecties over de hele wereld.\" \/>\n<meta property=\"og:url\" content=\"https:\/\/aikido-ando.nl\/es\/comunidad\/\" \/>\n<meta property=\"og:site_name\" content=\"Aikido ANDO\" \/>\n<meta property=\"article:publisher\" content=\"https:\/\/www.facebook.com\/andoaikido\" \/>\n<meta property=\"article:modified_time\" content=\"2025-08-09T17:54:34+00:00\" \/>\n<meta property=\"og:image\" content=\"https:\/\/aikido-ando.nl\/wp-content\/uploads\/Aikido_Celebration_Ando_Dojo.webp\" \/>\n\t<meta property=\"og:image:width\" content=\"1920\" \/>\n\t<meta property=\"og:image:height\" content=\"600\" \/>\n\t<meta property=\"og:image:type\" content=\"image\/webp\" \/>\n<meta name=\"twitter:card\" content=\"summary_large_image\" \/>\n<meta name=\"twitter:label1\" content=\"Tiempo de lectura\" \/>\n\t<meta name=\"twitter:data1\" content=\"4 minutos\" \/>\n<script type=\"application\/ld+json\" class=\"yoast-schema-graph\">{\"@context\":\"https:\\\/\\\/schema.org\",\"@graph\":[{\"@type\":\"WebPage\",\"@id\":\"https:\\\/\\\/aikido-ando.nl\\\/community\\\/\",\"url\":\"https:\\\/\\\/aikido-ando.nl\\\/community\\\/\",\"name\":\"Community - Aikido ANDO\",\"isPartOf\":{\"@id\":\"https:\\\/\\\/aikido-ando.nl\\\/#website\"},\"primaryImageOfPage\":{\"@id\":\"https:\\\/\\\/aikido-ando.nl\\\/community\\\/#primaryimage\"},\"image\":{\"@id\":\"https:\\\/\\\/aikido-ando.nl\\\/community\\\/#primaryimage\"},\"thumbnailUrl\":\"https:\\\/\\\/aikido-ando.nl\\\/wp-content\\\/uploads\\\/Aikido_Celebration_Ando_Dojo.webp\",\"datePublished\":\"2024-10-08T20:04:12+00:00\",\"dateModified\":\"2025-08-09T17:54:34+00:00\",\"description\":\"Ervaar de hechte kracht van de Aikido-community bij Ando. Vanuit onze dojo in Nederland naar connecties over de hele wereld.\",\"breadcrumb\":{\"@id\":\"https:\\\/\\\/aikido-ando.nl\\\/community\\\/#breadcrumb\"},\"inLanguage\":\"es\",\"potentialAction\":[{\"@type\":\"ReadAction\",\"target\":[\"https:\\\/\\\/aikido-ando.nl\\\/community\\\/\"]}]},{\"@type\":\"ImageObject\",\"inLanguage\":\"es\",\"@id\":\"https:\\\/\\\/aikido-ando.nl\\\/community\\\/#primaryimage\",\"url\":\"https:\\\/\\\/aikido-ando.nl\\\/wp-content\\\/uploads\\\/Aikido_Celebration_Ando_Dojo.webp\",\"contentUrl\":\"https:\\\/\\\/aikido-ando.nl\\\/wp-content\\\/uploads\\\/Aikido_Celebration_Ando_Dojo.webp\",\"width\":1920,\"height\":600,\"caption\":\"Color Aikido, een feestelijke afsluiting van de seminar van Ando 15 jaar. Zowel kinder-Aikidoka's als volwassen aikidoka's deden mee. Niet te vergeten jeugd Aikidoka's.\"},{\"@type\":\"BreadcrumbList\",\"@id\":\"https:\\\/\\\/aikido-ando.nl\\\/community\\\/#breadcrumb\",\"itemListElement\":[{\"@type\":\"ListItem\",\"position\":1,\"name\":\"Home\",\"item\":\"https:\\\/\\\/aikido-ando.nl\\\/\"},{\"@type\":\"ListItem\",\"position\":2,\"name\":\"Community\"}]},{\"@type\":\"WebSite\",\"@id\":\"https:\\\/\\\/aikido-ando.nl\\\/#website\",\"url\":\"https:\\\/\\\/aikido-ando.nl\\\/\",\"name\":\"Aikido Ando\",\"description\":\"\",\"publisher\":{\"@id\":\"https:\\\/\\\/aikido-ando.nl\\\/#organization\"},\"potentialAction\":[{\"@type\":\"SearchAction\",\"target\":{\"@type\":\"EntryPoint\",\"urlTemplate\":\"https:\\\/\\\/aikido-ando.nl\\\/?s={search_term_string}\"},\"query-input\":{\"@type\":\"PropertyValueSpecification\",\"valueRequired\":true,\"valueName\":\"search_term_string\"}}],\"inLanguage\":\"es\"},{\"@type\":\"Organization\",\"@id\":\"https:\\\/\\\/aikido-ando.nl\\\/#organization\",\"name\":\"Aikido Ando\",\"url\":\"https:\\\/\\\/aikido-ando.nl\\\/\",\"logo\":{\"@type\":\"ImageObject\",\"inLanguage\":\"es\",\"@id\":\"https:\\\/\\\/aikido-ando.nl\\\/#\\\/schema\\\/logo\\\/image\\\/\",\"url\":\"https:\\\/\\\/aikido-ando.nl\\\/wp-content\\\/uploads\\\/Logo.webp\",\"contentUrl\":\"https:\\\/\\\/aikido-ando.nl\\\/wp-content\\\/uploads\\\/Logo.webp\",\"width\":500,\"height\":500,\"caption\":\"Aikido Ando\"},\"image\":{\"@id\":\"https:\\\/\\\/aikido-ando.nl\\\/#\\\/schema\\\/logo\\\/image\\\/\"},\"sameAs\":[\"https:\\\/\\\/www.facebook.com\\\/andoaikido\",\"https:\\\/\\\/www.instagram.com\\\/andoaikido\\\/\",\"https:\\\/\\\/www.tiktok.com\\\/404?fromUrl=\\\/andoaikido\",\"https:\\\/\\\/www.linkedin.com\\\/company\\\/andoaikido?originalSubdomain=nl\"]}]}<\/script>\n<!-- \/ Yoast SEO Premium plugin. -->","yoast_head_json":{"title":"Comunidad - Aikido ANDO","description":"Experimenta la fuerza unida de la comunidad de Aikido en Ando. Desde nuestro dojo en los Pa\u00edses Bajos hasta conexiones en todo el mundo.","robots":{"index":"index","follow":"follow","max-snippet":"max-snippet:-1","max-image-preview":"max-image-preview:large","max-video-preview":"max-video-preview:-1"},"canonical":"https:\/\/aikido-ando.nl\/es\/comunidad\/","og_locale":"es_ES","og_type":"article","og_title":"Community","og_description":"Ervaar de hechte kracht van de Aikido-community bij Ando. Vanuit onze dojo in Nederland naar connecties over de hele wereld.","og_url":"https:\/\/aikido-ando.nl\/es\/comunidad\/","og_site_name":"Aikido ANDO","article_publisher":"https:\/\/www.facebook.com\/andoaikido","article_modified_time":"2025-08-09T17:54:34+00:00","og_image":[{"width":1920,"height":600,"url":"https:\/\/aikido-ando.nl\/wp-content\/uploads\/Aikido_Celebration_Ando_Dojo.webp","type":"image\/webp"}],"twitter_card":"summary_large_image","twitter_misc":{"Tiempo de lectura":"4 minutos"},"schema":{"@context":"https:\/\/schema.org","@graph":[{"@type":"WebPage","@id":"https:\/\/aikido-ando.nl\/community\/","url":"https:\/\/aikido-ando.nl\/community\/","name":"Comunidad - Aikido ANDO","isPartOf":{"@id":"https:\/\/aikido-ando.nl\/#website"},"primaryImageOfPage":{"@id":"https:\/\/aikido-ando.nl\/community\/#primaryimage"},"image":{"@id":"https:\/\/aikido-ando.nl\/community\/#primaryimage"},"thumbnailUrl":"https:\/\/aikido-ando.nl\/wp-content\/uploads\/Aikido_Celebration_Ando_Dojo.webp","datePublished":"2024-10-08T20:04:12+00:00","dateModified":"2025-08-09T17:54:34+00:00","description":"Experimenta la fuerza unida de la comunidad de Aikido en Ando. Desde nuestro dojo en los Pa\u00edses Bajos hasta conexiones en todo el mundo.","breadcrumb":{"@id":"https:\/\/aikido-ando.nl\/community\/#breadcrumb"},"inLanguage":"es","potentialAction":[{"@type":"ReadAction","target":["https:\/\/aikido-ando.nl\/community\/"]}]},{"@type":"ImageObject","inLanguage":"es","@id":"https:\/\/aikido-ando.nl\/community\/#primaryimage","url":"https:\/\/aikido-ando.nl\/wp-content\/uploads\/Aikido_Celebration_Ando_Dojo.webp","contentUrl":"https:\/\/aikido-ando.nl\/wp-content\/uploads\/Aikido_Celebration_Ando_Dojo.webp","width":1920,"height":600,"caption":"Color Aikido, een feestelijke afsluiting van de seminar van Ando 15 jaar. Zowel kinder-Aikidoka's als volwassen aikidoka's deden mee. Niet te vergeten jeugd Aikidoka's."},{"@type":"BreadcrumbList","@id":"https:\/\/aikido-ando.nl\/community\/#breadcrumb","itemListElement":[{"@type":"ListItem","position":1,"name":"Home","item":"https:\/\/aikido-ando.nl\/"},{"@type":"ListItem","position":2,"name":"Community"}]},{"@type":"WebSite","@id":"https:\/\/aikido-ando.nl\/#website","url":"https:\/\/aikido-ando.nl\/","name":"Aikido Ando","description":"","publisher":{"@id":"https:\/\/aikido-ando.nl\/#organization"},"potentialAction":[{"@type":"SearchAction","target":{"@type":"EntryPoint","urlTemplate":"https:\/\/aikido-ando.nl\/?s={search_term_string}"},"query-input":{"@type":"PropertyValueSpecification","valueRequired":true,"valueName":"search_term_string"}}],"inLanguage":"es"},{"@type":"Organization","@id":"https:\/\/aikido-ando.nl\/#organization","name":"Aikido Ando","url":"https:\/\/aikido-ando.nl\/","logo":{"@type":"ImageObject","inLanguage":"es","@id":"https:\/\/aikido-ando.nl\/#\/schema\/logo\/image\/","url":"https:\/\/aikido-ando.nl\/wp-content\/uploads\/Logo.webp","contentUrl":"https:\/\/aikido-ando.nl\/wp-content\/uploads\/Logo.webp","width":500,"height":500,"caption":"Aikido Ando"},"image":{"@id":"https:\/\/aikido-ando.nl\/#\/schema\/logo\/image\/"},"sameAs":["https:\/\/www.facebook.com\/andoaikido","https:\/\/www.instagram.com\/andoaikido\/","https:\/\/www.tiktok.com\/404?fromUrl=\/andoaikido","https:\/\/www.linkedin.com\/company\/andoaikido?originalSubdomain=nl"]}]}},"_links":{"self":[{"href":"https:\/\/aikido-ando.nl\/es\/wp-json\/wp\/v2\/pages\/572","targetHints":{"allow":["GET"]}}],"collection":[{"href":"https:\/\/aikido-ando.nl\/es\/wp-json\/wp\/v2\/pages"}],"about":[{"href":"https:\/\/aikido-ando.nl\/es\/wp-json\/wp\/v2\/types\/page"}],"author":[{"embeddable":true,"href":"https:\/\/aikido-ando.nl\/es\/wp-json\/wp\/v2\/users\/1"}],"replies":[{"embeddable":true,"href":"https:\/\/aikido-ando.nl\/es\/wp-json\/wp\/v2\/comments?post=572"}],"version-history":[{"count":0,"href":"https:\/\/aikido-ando.nl\/es\/wp-json\/wp\/v2\/pages\/572\/revisions"}],"wp:featuredmedia":[{"embeddable":true,"href":"https:\/\/aikido-ando.nl\/es\/wp-json\/wp\/v2\/media\/1676"}],"wp:attachment":[{"href":"https:\/\/aikido-ando.nl\/es\/wp-json\/wp\/v2\/media?parent=572"}],"curies":[{"name":"wp","href":"https:\/\/api.w.org\/{rel}","templated":true}]}}