{"id":656,"date":"2024-10-13T15:15:31","date_gmt":"2024-10-13T13:15:31","guid":{"rendered":"https:\/\/aikido-ando.nl\/?page_id=656"},"modified":"2024-12-10T13:59:58","modified_gmt":"2024-12-10T12:59:58","slug":"compromiso-de-la-comunidad","status":"publish","type":"page","link":"https:\/\/aikido-ando.nl\/es\/maatschappelijke-inzet\/","title":{"rendered":"Compromiso social"},"content":{"rendered":"<div data-elementor-type=\"wp-page\" data-elementor-id=\"656\" class=\"elementor elementor-656\" data-elementor-post-type=\"page\">\n\t\t\t\t<div class=\"elementor-element elementor-element-2716497 e-flex e-con-boxed e-con e-parent\" data-id=\"2716497\" data-element_type=\"container\" data-e-type=\"container\">\n\t\t\t\t\t<div class=\"e-con-inner\">\n\t\t\t\t<div class=\"elementor-element elementor-element-37e0530 elementor-widget elementor-widget-text-editor\" data-id=\"37e0530\" data-element_type=\"widget\" data-e-type=\"widget\" data-widget_type=\"text-editor.default\">\n\t\t\t\t<div class=\"elementor-widget-container\">\n\t\t\t\t\t\t\t\t\t<h2>Compromiso social Aikido<\/h2><p><strong>La Escuela de Aikido Ando transmite claramente su mensaje social. En 2006, la KNKF pidi\u00f3 a la Escuela de Aikido Ando, en nombre del Ministerio de VWS, que desplegara su experiencia en las escuelas primarias. El deseo expl\u00edcito de la Sra. J. Bussemakers era trabajar con las escuelas primarias para que el valor a\u00f1adido del deporte beneficiara el desarrollo de los ni\u00f1os.  Se trataba de un proyecto de cuatro a\u00f1os.<\/strong><\/p>\t\t\t\t\t\t\t\t<\/div>\n\t\t\t\t<\/div>\n\t\t\t\t<div class=\"elementor-element elementor-element-e9ffc25 elementor-widget elementor-widget-text-editor\" data-id=\"e9ffc25\" data-element_type=\"widget\" data-e-type=\"widget\" data-widget_type=\"text-editor.default\">\n\t\t\t\t<div class=\"elementor-widget-container\">\n\t\t\t\t\t\t\t\t\t<h3>(Re)descubrir juntos la confianza en uno mismo.<\/h3>\n<p>En la sociedad actual asistimos a un endurecimiento del clima social. Este endurecimiento afecta tambi\u00e9n a los m\u00e1s j\u00f3venes.<\/p>\n<p>Se observa un aumento de la ferocidad entre los adolescentes debido a la falta de confianza en s\u00ed mismos y a la sensaci\u00f3n de inseguridad. Se invita a los alumnos a tomar decisiones cada d\u00eda, dentro y fuera de la escuela.<\/p>\n<p>Nuestro programa pretende ayudar a los ni\u00f1os a ver posibilidades y experimentar el espacio all\u00ed donde no es obvio. Utilizamos como inspiraci\u00f3n las instrucciones pr\u00e1cticas que ofrecen las tradiciones del Aikido.<\/p>\n<p>Sabemos que no puede haber un men\u00fa instant\u00e1neo. Hacer cambios es un proceso, hay que ser paciente y frecuente con \u00e9l. Sin embargo, est\u00e1 demostrado que el m\u00e1s peque\u00f1o cambio ahora puede tener grandes consecuencias a largo plazo.<\/p>\n<p>Junto con las escuelas, iniciamos este proceso para que el endurecimiento vuelva a un nivel aceptable y los alumnos puedan (re)descubrir la confianza en s\u00ed mismos.<\/p>\n<p>La fuerza de este programa reside en que juntos podemos marcar la diferencia. \u00bfQuiere saber m\u00e1s sobre el programa escolar integral \u2018Juntos marcamos la diferencia\u2019? No dude en ponerse en contacto con nosotros para concertar una cita.<\/p>\n<h3><b>Clases de aikido en escuelas primarias<\/b><\/h3>\n<p>La Colmena: Aikido en el bolet\u00edn de la escuela superior<br>Durante las clases de gimnasia de la escuela superior, en las pr\u00f3ximas semanas trabajaremos con el programa \u2018Marcamos la diferencia\u2019. El programa trata sobre el aikido. El aikido es un deporte de defensa personal que se centra en aprender a no luchar y a controlarse. El programa consta de un cuaderno de lectura, un cuaderno de ejercicios y tareas. Los ni\u00f1os descubrir\u00e1n los secretos del aikido y escribir\u00e1n su propio nombre en japon\u00e9s. Durante este programa, cada semana (durante la clase de gimnasia de los jueves), los entrenadores de la Escuela de Aikido Ando impartir\u00e1n una lecci\u00f3n tal y como figura en el cuadernillo de lectura. Puede que su hijo le cuente m\u00e1s detalles.<\/p>\n<p>Escuela primaria De Bijenkorf<br>dir. Sr. H. Berndsen<\/p>\n<p>Louis Buelens Ditjes en Datjes newsletter <br>Foto de grupo tras la \u2018lecci\u00f3n sobre la peste\u2019<\/p>\n<p>Ma\u00f1ana, los grupos 6, 7 y 8 iniciar\u00e1n un proyecto en torno al deporte Aikido. Este antiguo arte marcial japon\u00e9s plantea grandes exigencias de autocontrol y comportamiento deportivo. Este deporte se utiliza como medio de desarrollo social y emocional de los alumnos.<br>apoyo. Adem\u00e1s de las clases de Aikido, hay un tratamiento escrito de todas las actividades. Este proyecto, llevado a cabo por dos antiguos alumnos y sus padres, cuenta con el apoyo financiero del ministerio. Les deseamos a Anne y a Edo mucha diversi\u00f3n y mucho \u00e9xito aqu\u00ed, de vuelta en su antigua escuela, con este gran proyecto.<\/p>\n<p>Escuela primaria Louis Buelens<br>bs-louisbuelens.com<\/p>\n<p>P\u00f3ngase en contacto con Ando para descubrir iniciativas de Aikido social en su zona.<\/p>\t\t\t\t\t\t\t\t<\/div>\n\t\t\t\t<\/div>\n\t\t\t\t\t<\/div>\n\t\t\t\t<\/div>\n\t\t\t\t<\/div>","protected":false},"excerpt":{"rendered":"<p>Maatschappelijke inzet Aikido Aikido School Ando brengt duidelijk hun maatschappelijke boodschap over.\u00a0In 2006 is Aikido School Ando door het KNKF, namens het Ministerie van VWS, gevraagd om hun expertise in te zetten op basisscholen. Het was de uitdrukkelijk wens van mw. J. Bussemakers om met de basisscholen samen te werken zodat de toegevoegde waarde van [&hellip;]<\/p>\n","protected":false},"author":1,"featured_media":1678,"parent":0,"menu_order":0,"comment_status":"closed","ping_status":"closed","template":"elementor_header_footer","meta":{"footnotes":""},"class_list":["post-656","page","type-page","status-publish","has-post-thumbnail","hentry"],"yoast_head":"<!-- This site is optimized with the Yoast SEO Premium plugin v27.3 (Yoast SEO v27.3) - https:\/\/yoast.com\/product\/yoast-seo-premium-wordpress\/ -->\n<title>Maatschappelijke inzet - Aikido ANDO<\/title>\n<meta name=\"description\" content=\"Ontdek hoe Aikido ANDO bijdraagt aan de samenleving met programma&#039;s op basisscholen en initiatieven voor zelfvertrouwen en veiligheid.\" \/>\n<meta name=\"robots\" content=\"index, follow, max-snippet:-1, max-image-preview:large, max-video-preview:-1\" \/>\n<link rel=\"canonical\" href=\"https:\/\/aikido-ando.nl\/es\/compromiso-de-la-comunidad\/\" \/>\n<meta property=\"og:locale\" content=\"es_ES\" \/>\n<meta property=\"og:type\" content=\"article\" \/>\n<meta property=\"og:title\" content=\"Maatschappelijke inzet\" \/>\n<meta property=\"og:description\" content=\"Ontdek hoe Aikido ANDO bijdraagt aan de samenleving met programma&#039;s op basisscholen en initiatieven voor zelfvertrouwen en veiligheid.\" \/>\n<meta property=\"og:url\" content=\"https:\/\/aikido-ando.nl\/es\/compromiso-de-la-comunidad\/\" \/>\n<meta property=\"og:site_name\" content=\"Aikido ANDO\" \/>\n<meta property=\"article:publisher\" content=\"https:\/\/www.facebook.com\/andoaikido\" \/>\n<meta property=\"article:modified_time\" content=\"2024-12-10T12:59:58+00:00\" \/>\n<meta property=\"og:image\" content=\"https:\/\/aikido-ando.nl\/wp-content\/uploads\/AnneSlui_sensei_Aikido_dojo_Eindhoven_StrijpS-2.webp\" \/>\n\t<meta property=\"og:image:width\" content=\"1920\" \/>\n\t<meta property=\"og:image:height\" content=\"600\" \/>\n\t<meta property=\"og:image:type\" content=\"image\/webp\" \/>\n<meta name=\"twitter:card\" content=\"summary_large_image\" \/>\n<meta name=\"twitter:label1\" content=\"Tiempo de lectura\" \/>\n\t<meta name=\"twitter:data1\" content=\"3 minutos\" \/>\n<script type=\"application\/ld+json\" class=\"yoast-schema-graph\">{\"@context\":\"https:\\\/\\\/schema.org\",\"@graph\":[{\"@type\":\"WebPage\",\"@id\":\"https:\\\/\\\/aikido-ando.nl\\\/maatschappelijke-inzet\\\/\",\"url\":\"https:\\\/\\\/aikido-ando.nl\\\/maatschappelijke-inzet\\\/\",\"name\":\"Maatschappelijke inzet - Aikido ANDO\",\"isPartOf\":{\"@id\":\"https:\\\/\\\/aikido-ando.nl\\\/#website\"},\"primaryImageOfPage\":{\"@id\":\"https:\\\/\\\/aikido-ando.nl\\\/maatschappelijke-inzet\\\/#primaryimage\"},\"image\":{\"@id\":\"https:\\\/\\\/aikido-ando.nl\\\/maatschappelijke-inzet\\\/#primaryimage\"},\"thumbnailUrl\":\"https:\\\/\\\/aikido-ando.nl\\\/wp-content\\\/uploads\\\/AnneSlui_sensei_Aikido_dojo_Eindhoven_StrijpS-2.webp\",\"datePublished\":\"2024-10-13T13:15:31+00:00\",\"dateModified\":\"2024-12-10T12:59:58+00:00\",\"description\":\"Ontdek hoe Aikido ANDO bijdraagt aan de samenleving met programma's op basisscholen en initiatieven voor zelfvertrouwen en veiligheid.\",\"breadcrumb\":{\"@id\":\"https:\\\/\\\/aikido-ando.nl\\\/maatschappelijke-inzet\\\/#breadcrumb\"},\"inLanguage\":\"es\",\"potentialAction\":[{\"@type\":\"ReadAction\",\"target\":[\"https:\\\/\\\/aikido-ando.nl\\\/maatschappelijke-inzet\\\/\"]}]},{\"@type\":\"ImageObject\",\"inLanguage\":\"es\",\"@id\":\"https:\\\/\\\/aikido-ando.nl\\\/maatschappelijke-inzet\\\/#primaryimage\",\"url\":\"https:\\\/\\\/aikido-ando.nl\\\/wp-content\\\/uploads\\\/AnneSlui_sensei_Aikido_dojo_Eindhoven_StrijpS-2.webp\",\"contentUrl\":\"https:\\\/\\\/aikido-ando.nl\\\/wp-content\\\/uploads\\\/AnneSlui_sensei_Aikido_dojo_Eindhoven_StrijpS-2.webp\",\"width\":1920,\"height\":600,\"caption\":\"Sensei Anne Slui werpt Edo met de Jo op Strijp-S in een Urban setting. Dit geeft Aikido een urban-aikido tintje.\"},{\"@type\":\"BreadcrumbList\",\"@id\":\"https:\\\/\\\/aikido-ando.nl\\\/maatschappelijke-inzet\\\/#breadcrumb\",\"itemListElement\":[{\"@type\":\"ListItem\",\"position\":1,\"name\":\"Home\",\"item\":\"https:\\\/\\\/aikido-ando.nl\\\/\"},{\"@type\":\"ListItem\",\"position\":2,\"name\":\"Maatschappelijke inzet\"}]},{\"@type\":\"WebSite\",\"@id\":\"https:\\\/\\\/aikido-ando.nl\\\/#website\",\"url\":\"https:\\\/\\\/aikido-ando.nl\\\/\",\"name\":\"Aikido Ando\",\"description\":\"\",\"publisher\":{\"@id\":\"https:\\\/\\\/aikido-ando.nl\\\/#organization\"},\"potentialAction\":[{\"@type\":\"SearchAction\",\"target\":{\"@type\":\"EntryPoint\",\"urlTemplate\":\"https:\\\/\\\/aikido-ando.nl\\\/?s={search_term_string}\"},\"query-input\":{\"@type\":\"PropertyValueSpecification\",\"valueRequired\":true,\"valueName\":\"search_term_string\"}}],\"inLanguage\":\"es\"},{\"@type\":\"Organization\",\"@id\":\"https:\\\/\\\/aikido-ando.nl\\\/#organization\",\"name\":\"Aikido Ando\",\"url\":\"https:\\\/\\\/aikido-ando.nl\\\/\",\"logo\":{\"@type\":\"ImageObject\",\"inLanguage\":\"es\",\"@id\":\"https:\\\/\\\/aikido-ando.nl\\\/#\\\/schema\\\/logo\\\/image\\\/\",\"url\":\"https:\\\/\\\/aikido-ando.nl\\\/wp-content\\\/uploads\\\/Logo.webp\",\"contentUrl\":\"https:\\\/\\\/aikido-ando.nl\\\/wp-content\\\/uploads\\\/Logo.webp\",\"width\":500,\"height\":500,\"caption\":\"Aikido Ando\"},\"image\":{\"@id\":\"https:\\\/\\\/aikido-ando.nl\\\/#\\\/schema\\\/logo\\\/image\\\/\"},\"sameAs\":[\"https:\\\/\\\/www.facebook.com\\\/andoaikido\",\"https:\\\/\\\/www.instagram.com\\\/andoaikido\\\/\",\"https:\\\/\\\/www.tiktok.com\\\/404?fromUrl=\\\/andoaikido\",\"https:\\\/\\\/www.linkedin.com\\\/company\\\/andoaikido?originalSubdomain=nl\"]}]}<\/script>\n<!-- \/ Yoast SEO Premium plugin. -->","yoast_head_json":{"title":"Compromiso con la comunidad - Aikido ANDO","description":"Descubra c\u00f3mo Aikido ANDO contribuye a la sociedad con programas en escuelas primarias e iniciativas de autoconfianza y seguridad.","robots":{"index":"index","follow":"follow","max-snippet":"max-snippet:-1","max-image-preview":"max-image-preview:large","max-video-preview":"max-video-preview:-1"},"canonical":"https:\/\/aikido-ando.nl\/es\/compromiso-de-la-comunidad\/","og_locale":"es_ES","og_type":"article","og_title":"Maatschappelijke inzet","og_description":"Ontdek hoe Aikido ANDO bijdraagt aan de samenleving met programma's op basisscholen en initiatieven voor zelfvertrouwen en veiligheid.","og_url":"https:\/\/aikido-ando.nl\/es\/compromiso-de-la-comunidad\/","og_site_name":"Aikido ANDO","article_publisher":"https:\/\/www.facebook.com\/andoaikido","article_modified_time":"2024-12-10T12:59:58+00:00","og_image":[{"width":1920,"height":600,"url":"https:\/\/aikido-ando.nl\/wp-content\/uploads\/AnneSlui_sensei_Aikido_dojo_Eindhoven_StrijpS-2.webp","type":"image\/webp"}],"twitter_card":"summary_large_image","twitter_misc":{"Tiempo de lectura":"3 minutos"},"schema":{"@context":"https:\/\/schema.org","@graph":[{"@type":"WebPage","@id":"https:\/\/aikido-ando.nl\/maatschappelijke-inzet\/","url":"https:\/\/aikido-ando.nl\/maatschappelijke-inzet\/","name":"Compromiso con la comunidad - Aikido ANDO","isPartOf":{"@id":"https:\/\/aikido-ando.nl\/#website"},"primaryImageOfPage":{"@id":"https:\/\/aikido-ando.nl\/maatschappelijke-inzet\/#primaryimage"},"image":{"@id":"https:\/\/aikido-ando.nl\/maatschappelijke-inzet\/#primaryimage"},"thumbnailUrl":"https:\/\/aikido-ando.nl\/wp-content\/uploads\/AnneSlui_sensei_Aikido_dojo_Eindhoven_StrijpS-2.webp","datePublished":"2024-10-13T13:15:31+00:00","dateModified":"2024-12-10T12:59:58+00:00","description":"Descubra c\u00f3mo Aikido ANDO contribuye a la sociedad con programas en escuelas primarias e iniciativas de autoconfianza y seguridad.","breadcrumb":{"@id":"https:\/\/aikido-ando.nl\/maatschappelijke-inzet\/#breadcrumb"},"inLanguage":"es","potentialAction":[{"@type":"ReadAction","target":["https:\/\/aikido-ando.nl\/maatschappelijke-inzet\/"]}]},{"@type":"ImageObject","inLanguage":"es","@id":"https:\/\/aikido-ando.nl\/maatschappelijke-inzet\/#primaryimage","url":"https:\/\/aikido-ando.nl\/wp-content\/uploads\/AnneSlui_sensei_Aikido_dojo_Eindhoven_StrijpS-2.webp","contentUrl":"https:\/\/aikido-ando.nl\/wp-content\/uploads\/AnneSlui_sensei_Aikido_dojo_Eindhoven_StrijpS-2.webp","width":1920,"height":600,"caption":"Sensei Anne Slui werpt Edo met de Jo op Strijp-S in een Urban setting. Dit geeft Aikido een urban-aikido tintje."},{"@type":"BreadcrumbList","@id":"https:\/\/aikido-ando.nl\/maatschappelijke-inzet\/#breadcrumb","itemListElement":[{"@type":"ListItem","position":1,"name":"Home","item":"https:\/\/aikido-ando.nl\/"},{"@type":"ListItem","position":2,"name":"Maatschappelijke inzet"}]},{"@type":"WebSite","@id":"https:\/\/aikido-ando.nl\/#website","url":"https:\/\/aikido-ando.nl\/","name":"Aikido Ando","description":"","publisher":{"@id":"https:\/\/aikido-ando.nl\/#organization"},"potentialAction":[{"@type":"SearchAction","target":{"@type":"EntryPoint","urlTemplate":"https:\/\/aikido-ando.nl\/?s={search_term_string}"},"query-input":{"@type":"PropertyValueSpecification","valueRequired":true,"valueName":"search_term_string"}}],"inLanguage":"es"},{"@type":"Organization","@id":"https:\/\/aikido-ando.nl\/#organization","name":"Aikido Ando","url":"https:\/\/aikido-ando.nl\/","logo":{"@type":"ImageObject","inLanguage":"es","@id":"https:\/\/aikido-ando.nl\/#\/schema\/logo\/image\/","url":"https:\/\/aikido-ando.nl\/wp-content\/uploads\/Logo.webp","contentUrl":"https:\/\/aikido-ando.nl\/wp-content\/uploads\/Logo.webp","width":500,"height":500,"caption":"Aikido Ando"},"image":{"@id":"https:\/\/aikido-ando.nl\/#\/schema\/logo\/image\/"},"sameAs":["https:\/\/www.facebook.com\/andoaikido","https:\/\/www.instagram.com\/andoaikido\/","https:\/\/www.tiktok.com\/404?fromUrl=\/andoaikido","https:\/\/www.linkedin.com\/company\/andoaikido?originalSubdomain=nl"]}]}},"_links":{"self":[{"href":"https:\/\/aikido-ando.nl\/es\/wp-json\/wp\/v2\/pages\/656","targetHints":{"allow":["GET"]}}],"collection":[{"href":"https:\/\/aikido-ando.nl\/es\/wp-json\/wp\/v2\/pages"}],"about":[{"href":"https:\/\/aikido-ando.nl\/es\/wp-json\/wp\/v2\/types\/page"}],"author":[{"embeddable":true,"href":"https:\/\/aikido-ando.nl\/es\/wp-json\/wp\/v2\/users\/1"}],"replies":[{"embeddable":true,"href":"https:\/\/aikido-ando.nl\/es\/wp-json\/wp\/v2\/comments?post=656"}],"version-history":[{"count":0,"href":"https:\/\/aikido-ando.nl\/es\/wp-json\/wp\/v2\/pages\/656\/revisions"}],"wp:featuredmedia":[{"embeddable":true,"href":"https:\/\/aikido-ando.nl\/es\/wp-json\/wp\/v2\/media\/1678"}],"wp:attachment":[{"href":"https:\/\/aikido-ando.nl\/es\/wp-json\/wp\/v2\/media?parent=656"}],"curies":[{"name":"wp","href":"https:\/\/api.w.org\/{rel}","templated":true}]}}