{"id":542,"date":"2024-10-08T21:17:07","date_gmt":"2024-10-08T19:17:07","guid":{"rendered":"https:\/\/aikido-ando.nl\/?page_id=542"},"modified":"2025-08-09T20:02:36","modified_gmt":"2025-08-09T18:02:36","slug":"seminaire-daikido-aux-pays-bas","status":"publish","type":"page","link":"https:\/\/aikido-ando.nl\/fr\/aikido-seminar-in-nederland\/","title":{"rendered":"S\u00e9minaire d'a\u00efkido aux Pays-Bas"},"content":{"rendered":"<div data-elementor-type=\"wp-page\" data-elementor-id=\"542\" class=\"elementor elementor-542\" data-elementor-post-type=\"page\">\n\t\t\t\t<div class=\"elementor-element elementor-element-d0586f4 e-flex e-con-boxed e-con e-parent\" data-id=\"d0586f4\" data-element_type=\"container\" data-e-type=\"container\">\n\t\t\t\t\t<div class=\"e-con-inner\">\n\t\t\t\t<div class=\"elementor-element elementor-element-a67717f elementor-widget elementor-widget-text-editor\" data-id=\"a67717f\" data-element_type=\"widget\" data-e-type=\"widget\" data-widget_type=\"text-editor.default\">\n\t\t\t\t<div class=\"elementor-widget-container\">\n\t\t\t\t\t\t\t\t\t<h2>STAGE D'ANDO NON CONNU<\/h2><p>Il y a de fortes chances que notre comit\u00e9 de stage soit occup\u00e9 \u00e0 programmer un s\u00e9minaire d'A\u00efkido aux Pays-Bas. Cela se fait souvent en concertation avec l'instructeur et prend du temps. Nous ne pouvons pas publier cette information tant que tout n'a pas \u00e9t\u00e9 organis\u00e9.\u00a0<\/p><p><strong>BUT....<\/strong><\/p>\t\t\t\t\t\t\t\t<\/div>\n\t\t\t\t<\/div>\n\t\t\t\t<div class=\"elementor-element elementor-element-4a56ea3 elementor-widget elementor-widget-text-editor\" data-id=\"4a56ea3\" data-element_type=\"widget\" data-e-type=\"widget\" data-widget_type=\"text-editor.default\">\n\t\t\t\t<div class=\"elementor-widget-container\">\n\t\t\t\t\t\t\t\t\t<p>Puisque vous \u00eates ici de toute fa\u00e7on, nous pouvons vous parler bri\u00e8vement de w<strong>ce qui rend nos s\u00e9minaires d'A\u00efkido aux Pays-Bas si sp\u00e9ciaux<\/strong>. Ce n'est pas seulement l'enseignant que nous pouvons vous dire. Tous les stages effectu\u00e9s \u00e0 Ando ont <strong>un th\u00e8me sp\u00e9cifique<\/strong>. Parfois, nous partageons ces informations d\u00e8s l'annonce et d'autres fois pendant le stage lui-m\u00eame. (Apr\u00e8s tout, il est parfois bon d'aller sur le terrain avec un \u00e9tat d'esprit ouvert).<\/p><p>Les enseignants qui donnent des s\u00e9minaires d'A\u00efkido avec nous vous mettront au d\u00e9fi. Il peut s'agir de techniques qu'ils partagent avec vous et qui ne vous sont pas famili\u00e8res, ou \u00e0 l'inverse de techniques famili\u00e8res avec une touche d'originalit\u00e9. Tout cela pour s'assurer que vous <strong>quitte le tapis avec satisfaction<\/strong> et le <strong>avoir le sentiment d'avoir appris quelque chose<\/strong>.\u00a0<\/p><p>En plus de l'entra\u00eenement, nous offrons la possibilit\u00e9 d'entrer en contact avec d'autres Aikidokas. C'est pourquoi nous essayons de rendre le d\u00e9jeuner ou le d\u00eener aussi accessible que possible. (Si la situation le permet.)<\/p><p><br \/>Ci-dessous, nous partageons quelques vid\u00e9os <strong>Impressions sur les s\u00e9minaires d'A\u00efkido<\/strong> qui ont eu lieu avec nous au fil du temps. Jetez un coup d'\u0153il \u00e0 notre cha\u00eene et suivez nos voyages d'A\u00efkido \u00e0 l'\u00e9tranger.<\/p>\t\t\t\t\t\t\t\t<\/div>\n\t\t\t\t<\/div>\n\t\t\t\t\t<\/div>\n\t\t\t\t<\/div>\n\t\t<div class=\"elementor-element elementor-element-6ad55d5b e-flex e-con-boxed e-con e-parent\" data-id=\"6ad55d5b\" data-element_type=\"container\" data-e-type=\"container\" data-settings=\"{&quot;background_background&quot;:&quot;classic&quot;}\">\n\t\t\t\t\t<div class=\"e-con-inner\">\n\t\t<div class=\"elementor-element elementor-element-376b654f e-con-full e-flex e-con e-child\" data-id=\"376b654f\" data-element_type=\"container\" data-e-type=\"container\">\n\t\t\t\t<div class=\"elementor-element elementor-element-38a156ac elementor-widget elementor-widget-text-editor\" data-id=\"38a156ac\" data-element_type=\"widget\" data-e-type=\"widget\" data-widget_type=\"text-editor.default\">\n\t\t\t\t<div class=\"elementor-widget-container\">\n\t\t\t\t\t\t\t\t\t<h2>Suivez-nous de pr\u00e8s<\/h2>\t\t\t\t\t\t\t\t<\/div>\n\t\t\t\t<\/div>\n\t\t\t\t<div class=\"elementor-element elementor-element-73d5263 elementor-widget elementor-widget-video\" data-id=\"73d5263\" data-element_type=\"widget\" data-e-type=\"widget\" data-settings=\"{&quot;youtube_url&quot;:&quot;https:\\\/\\\/www.youtube.com\\\/watch?v=HcT_q9n-m9M&amp;list=PLZ9Y2r2g2g0QYzYD28XQCsJsIIdQc1ZJS&amp;index=9&quot;,&quot;video_type&quot;:&quot;youtube&quot;,&quot;controls&quot;:&quot;yes&quot;}\" data-widget_type=\"video.default\">\n\t\t\t\t<div class=\"elementor-widget-container\">\n\t\t\t\t\t\t\t<div class=\"elementor-wrapper elementor-open-inline\">\n\t\t\t<div class=\"elementor-video\"><\/div>\t\t<\/div>\n\t\t\t\t\t\t<\/div>\n\t\t\t\t<\/div>\n\t\t<div class=\"elementor-element elementor-element-329f4443 e-con-full e-flex e-con e-child\" data-id=\"329f4443\" data-element_type=\"container\" data-e-type=\"container\">\n\t\t<div class=\"elementor-element elementor-element-22d30e81 e-con-full e-flex e-con e-child\" data-id=\"22d30e81\" data-element_type=\"container\" data-e-type=\"container\">\n\t\t\t\t<div class=\"elementor-element elementor-element-3b5ddd2 elementor-widget elementor-widget-video\" data-id=\"3b5ddd2\" data-element_type=\"widget\" data-e-type=\"widget\" data-settings=\"{&quot;youtube_url&quot;:&quot;https:\\\/\\\/www.youtube.com\\\/watch?v=TD2VHC_OYsI&amp;list=PLZ9Y2r2g2g0QYzYD28XQCsJsIIdQc1ZJS&amp;index=9&quot;,&quot;video_type&quot;:&quot;youtube&quot;,&quot;controls&quot;:&quot;yes&quot;}\" data-widget_type=\"video.default\">\n\t\t\t\t<div class=\"elementor-widget-container\">\n\t\t\t\t\t\t\t<div class=\"elementor-wrapper elementor-open-inline\">\n\t\t\t<div class=\"elementor-video\"><\/div>\t\t<\/div>\n\t\t\t\t\t\t<\/div>\n\t\t\t\t<\/div>\n\t\t\t\t<\/div>\n\t\t<div class=\"elementor-element elementor-element-469cd913 e-con-full e-flex e-con e-child\" data-id=\"469cd913\" data-element_type=\"container\" data-e-type=\"container\">\n\t\t\t\t<div class=\"elementor-element elementor-element-67d5bce elementor-widget elementor-widget-video\" data-id=\"67d5bce\" data-element_type=\"widget\" data-e-type=\"widget\" data-settings=\"{&quot;youtube_url&quot;:&quot;https:\\\/\\\/www.youtube.com\\\/watch?v=8Hy0VciD31o&quot;,&quot;video_type&quot;:&quot;youtube&quot;,&quot;controls&quot;:&quot;yes&quot;}\" data-widget_type=\"video.default\">\n\t\t\t\t<div class=\"elementor-widget-container\">\n\t\t\t\t\t\t\t<div class=\"elementor-wrapper elementor-open-inline\">\n\t\t\t<div class=\"elementor-video\"><\/div>\t\t<\/div>\n\t\t\t\t\t\t<\/div>\n\t\t\t\t<\/div>\n\t\t\t\t<\/div>\n\t\t<div class=\"elementor-element elementor-element-7ddeaf38 e-con-full e-flex e-con e-child\" data-id=\"7ddeaf38\" data-element_type=\"container\" data-e-type=\"container\">\n\t\t\t\t<div class=\"elementor-element elementor-element-dd8b600 elementor-widget elementor-widget-video\" data-id=\"dd8b600\" data-element_type=\"widget\" data-e-type=\"widget\" data-settings=\"{&quot;youtube_url&quot;:&quot;https:\\\/\\\/www.youtube.com\\\/watch?v=-UUCW1h46XY&quot;,&quot;video_type&quot;:&quot;youtube&quot;,&quot;controls&quot;:&quot;yes&quot;}\" data-widget_type=\"video.default\">\n\t\t\t\t<div class=\"elementor-widget-container\">\n\t\t\t\t\t\t\t<div class=\"elementor-wrapper elementor-open-inline\">\n\t\t\t<div class=\"elementor-video\"><\/div>\t\t<\/div>\n\t\t\t\t\t\t<\/div>\n\t\t\t\t<\/div>\n\t\t\t\t<\/div>\n\t\t\t\t<\/div>\n\t\t\t\t<div class=\"elementor-element elementor-element-f1d1579 elementor-widget elementor-widget-text-editor\" data-id=\"f1d1579\" data-element_type=\"widget\" data-e-type=\"widget\" data-widget_type=\"text-editor.default\">\n\t\t\t\t<div class=\"elementor-widget-container\">\n\t\t\t\t\t\t\t\t\t<p>Nous aimons partager notre passion \u00e0 travers les canaux sociaux tels que Facebook, Instagram, TikTok.\u00a0<\/p>\t\t\t\t\t\t\t\t<\/div>\n\t\t\t\t<\/div>\n\t\t\t\t<div class=\"elementor-element elementor-element-169daf06 elementor-widget elementor-widget-button\" data-id=\"169daf06\" data-element_type=\"widget\" data-e-type=\"widget\" data-widget_type=\"button.default\">\n\t\t\t\t<div class=\"elementor-widget-container\">\n\t\t\t\t\t\t\t\t\t<div class=\"elementor-button-wrapper\">\n\t\t\t\t\t<a class=\"elementor-button elementor-button-link elementor-size-sm\" href=\"https:\/\/www.facebook.com\/andoaikido\">\n\t\t\t\t\t\t<span class=\"elementor-button-content-wrapper\">\n\t\t\t\t\t\t\t\t\t<span class=\"elementor-button-text\">Suivre via les r\u00e9seaux sociaux<\/span>\n\t\t\t\t\t<\/span>\n\t\t\t\t\t<\/a>\n\t\t\t\t<\/div>\n\t\t\t\t\t\t\t\t<\/div>\n\t\t\t\t<\/div>\n\t\t\t\t<\/div>\n\t\t\t\t\t<\/div>\n\t\t\t\t<\/div>\n\t\t\t\t<\/div>","protected":false},"excerpt":{"rendered":"<p>ANDO STAGE NIET BEKEND\u200b De kans is groot dat onze stage commissie druk bezig is met het inplannen van een Aikido seminar in Nederland. Dit gaat vaak in overleg met de docent en kost tijd. We kunnen deze informatie pas naar buiten plaatsen als alles is geregeld.\u00a0 MAAR&#8230;. Aangezien je hier toch bent, kunnen we [&hellip;]<\/p>\n","protected":false},"author":1,"featured_media":1676,"parent":0,"menu_order":0,"comment_status":"closed","ping_status":"closed","template":"","meta":{"footnotes":""},"class_list":["post-542","page","type-page","status-publish","has-post-thumbnail","hentry"],"yoast_head":"<!-- This site is optimized with the Yoast SEO Premium plugin v27.3 (Yoast SEO v27.3) - https:\/\/yoast.com\/product\/yoast-seo-premium-wordpress\/ -->\n<title>Aikido seminar in Nederland - Aikido ANDO<\/title>\n<meta name=\"description\" content=\"Ontdek de bijzondere Aikido seminars van Ando in Nederland. Elke stage heeft een uniek thema en uitdagende docenten.\" \/>\n<meta name=\"robots\" content=\"index, follow, max-snippet:-1, max-image-preview:large, max-video-preview:-1\" \/>\n<link rel=\"canonical\" href=\"https:\/\/aikido-ando.nl\/fr\/seminaire-daikido-aux-pays-bas\/\" \/>\n<meta property=\"og:locale\" content=\"fr_FR\" \/>\n<meta property=\"og:type\" content=\"article\" \/>\n<meta property=\"og:title\" content=\"Aikido seminar in Nederland\" \/>\n<meta property=\"og:description\" content=\"Ontdek de bijzondere Aikido seminars van Ando in Nederland. Elke stage heeft een uniek thema en uitdagende docenten.\" \/>\n<meta property=\"og:url\" content=\"https:\/\/aikido-ando.nl\/fr\/seminaire-daikido-aux-pays-bas\/\" \/>\n<meta property=\"og:site_name\" content=\"Aikido ANDO\" \/>\n<meta property=\"article:publisher\" content=\"https:\/\/www.facebook.com\/andoaikido\" \/>\n<meta property=\"article:modified_time\" content=\"2025-08-09T18:02:36+00:00\" \/>\n<meta property=\"og:image\" content=\"https:\/\/aikido-ando.nl\/wp-content\/uploads\/Aikido_Celebration_Ando_Dojo.webp\" \/>\n\t<meta property=\"og:image:width\" content=\"1920\" \/>\n\t<meta property=\"og:image:height\" content=\"600\" \/>\n\t<meta property=\"og:image:type\" content=\"image\/webp\" \/>\n<meta name=\"twitter:card\" content=\"summary_large_image\" \/>\n<meta name=\"twitter:label1\" content=\"Dur\u00e9e de lecture estim\u00e9e\" \/>\n\t<meta name=\"twitter:data1\" content=\"2 minutes\" \/>\n<script type=\"application\/ld+json\" class=\"yoast-schema-graph\">{\"@context\":\"https:\\\/\\\/schema.org\",\"@graph\":[{\"@type\":\"WebPage\",\"@id\":\"https:\\\/\\\/aikido-ando.nl\\\/aikido-seminar-in-nederland\\\/\",\"url\":\"https:\\\/\\\/aikido-ando.nl\\\/aikido-seminar-in-nederland\\\/\",\"name\":\"Aikido seminar in Nederland - Aikido ANDO\",\"isPartOf\":{\"@id\":\"https:\\\/\\\/aikido-ando.nl\\\/#website\"},\"primaryImageOfPage\":{\"@id\":\"https:\\\/\\\/aikido-ando.nl\\\/aikido-seminar-in-nederland\\\/#primaryimage\"},\"image\":{\"@id\":\"https:\\\/\\\/aikido-ando.nl\\\/aikido-seminar-in-nederland\\\/#primaryimage\"},\"thumbnailUrl\":\"https:\\\/\\\/aikido-ando.nl\\\/wp-content\\\/uploads\\\/Aikido_Celebration_Ando_Dojo.webp\",\"datePublished\":\"2024-10-08T19:17:07+00:00\",\"dateModified\":\"2025-08-09T18:02:36+00:00\",\"description\":\"Ontdek de bijzondere Aikido seminars van Ando in Nederland. Elke stage heeft een uniek thema en uitdagende docenten.\",\"breadcrumb\":{\"@id\":\"https:\\\/\\\/aikido-ando.nl\\\/aikido-seminar-in-nederland\\\/#breadcrumb\"},\"inLanguage\":\"fr-FR\",\"potentialAction\":[{\"@type\":\"ReadAction\",\"target\":[\"https:\\\/\\\/aikido-ando.nl\\\/aikido-seminar-in-nederland\\\/\"]}]},{\"@type\":\"ImageObject\",\"inLanguage\":\"fr-FR\",\"@id\":\"https:\\\/\\\/aikido-ando.nl\\\/aikido-seminar-in-nederland\\\/#primaryimage\",\"url\":\"https:\\\/\\\/aikido-ando.nl\\\/wp-content\\\/uploads\\\/Aikido_Celebration_Ando_Dojo.webp\",\"contentUrl\":\"https:\\\/\\\/aikido-ando.nl\\\/wp-content\\\/uploads\\\/Aikido_Celebration_Ando_Dojo.webp\",\"width\":1920,\"height\":600,\"caption\":\"Color Aikido, een feestelijke afsluiting van de seminar van Ando 15 jaar. Zowel kinder-Aikidoka's als volwassen aikidoka's deden mee. Niet te vergeten jeugd Aikidoka's.\"},{\"@type\":\"BreadcrumbList\",\"@id\":\"https:\\\/\\\/aikido-ando.nl\\\/aikido-seminar-in-nederland\\\/#breadcrumb\",\"itemListElement\":[{\"@type\":\"ListItem\",\"position\":1,\"name\":\"Home\",\"item\":\"https:\\\/\\\/aikido-ando.nl\\\/\"},{\"@type\":\"ListItem\",\"position\":2,\"name\":\"Aikido seminar in Nederland\"}]},{\"@type\":\"WebSite\",\"@id\":\"https:\\\/\\\/aikido-ando.nl\\\/#website\",\"url\":\"https:\\\/\\\/aikido-ando.nl\\\/\",\"name\":\"Aikido Ando\",\"description\":\"\",\"publisher\":{\"@id\":\"https:\\\/\\\/aikido-ando.nl\\\/#organization\"},\"potentialAction\":[{\"@type\":\"SearchAction\",\"target\":{\"@type\":\"EntryPoint\",\"urlTemplate\":\"https:\\\/\\\/aikido-ando.nl\\\/?s={search_term_string}\"},\"query-input\":{\"@type\":\"PropertyValueSpecification\",\"valueRequired\":true,\"valueName\":\"search_term_string\"}}],\"inLanguage\":\"fr-FR\"},{\"@type\":\"Organization\",\"@id\":\"https:\\\/\\\/aikido-ando.nl\\\/#organization\",\"name\":\"Aikido Ando\",\"url\":\"https:\\\/\\\/aikido-ando.nl\\\/\",\"logo\":{\"@type\":\"ImageObject\",\"inLanguage\":\"fr-FR\",\"@id\":\"https:\\\/\\\/aikido-ando.nl\\\/#\\\/schema\\\/logo\\\/image\\\/\",\"url\":\"https:\\\/\\\/aikido-ando.nl\\\/wp-content\\\/uploads\\\/Logo.webp\",\"contentUrl\":\"https:\\\/\\\/aikido-ando.nl\\\/wp-content\\\/uploads\\\/Logo.webp\",\"width\":500,\"height\":500,\"caption\":\"Aikido Ando\"},\"image\":{\"@id\":\"https:\\\/\\\/aikido-ando.nl\\\/#\\\/schema\\\/logo\\\/image\\\/\"},\"sameAs\":[\"https:\\\/\\\/www.facebook.com\\\/andoaikido\",\"https:\\\/\\\/www.instagram.com\\\/andoaikido\\\/\",\"https:\\\/\\\/www.tiktok.com\\\/404?fromUrl=\\\/andoaikido\",\"https:\\\/\\\/www.linkedin.com\\\/company\\\/andoaikido?originalSubdomain=nl\"]}]}<\/script>\n<!-- \/ Yoast SEO Premium plugin. -->","yoast_head_json":{"title":"S\u00e9minaire d'a\u00efkido aux Pays-Bas - Aikido ANDO","description":"D\u00e9couvrez les s\u00e9minaires d'A\u00efkido exceptionnels d'Ando aux Pays-Bas. Chaque s\u00e9minaire a un th\u00e8me unique et des enseignants stimulants.","robots":{"index":"index","follow":"follow","max-snippet":"max-snippet:-1","max-image-preview":"max-image-preview:large","max-video-preview":"max-video-preview:-1"},"canonical":"https:\/\/aikido-ando.nl\/fr\/seminaire-daikido-aux-pays-bas\/","og_locale":"fr_FR","og_type":"article","og_title":"Aikido seminar in Nederland","og_description":"Ontdek de bijzondere Aikido seminars van Ando in Nederland. Elke stage heeft een uniek thema en uitdagende docenten.","og_url":"https:\/\/aikido-ando.nl\/fr\/seminaire-daikido-aux-pays-bas\/","og_site_name":"Aikido ANDO","article_publisher":"https:\/\/www.facebook.com\/andoaikido","article_modified_time":"2025-08-09T18:02:36+00:00","og_image":[{"width":1920,"height":600,"url":"https:\/\/aikido-ando.nl\/wp-content\/uploads\/Aikido_Celebration_Ando_Dojo.webp","type":"image\/webp"}],"twitter_card":"summary_large_image","twitter_misc":{"Dur\u00e9e de lecture estim\u00e9e":"2 minutes"},"schema":{"@context":"https:\/\/schema.org","@graph":[{"@type":"WebPage","@id":"https:\/\/aikido-ando.nl\/aikido-seminar-in-nederland\/","url":"https:\/\/aikido-ando.nl\/aikido-seminar-in-nederland\/","name":"S\u00e9minaire d'a\u00efkido aux Pays-Bas - Aikido ANDO","isPartOf":{"@id":"https:\/\/aikido-ando.nl\/#website"},"primaryImageOfPage":{"@id":"https:\/\/aikido-ando.nl\/aikido-seminar-in-nederland\/#primaryimage"},"image":{"@id":"https:\/\/aikido-ando.nl\/aikido-seminar-in-nederland\/#primaryimage"},"thumbnailUrl":"https:\/\/aikido-ando.nl\/wp-content\/uploads\/Aikido_Celebration_Ando_Dojo.webp","datePublished":"2024-10-08T19:17:07+00:00","dateModified":"2025-08-09T18:02:36+00:00","description":"D\u00e9couvrez les s\u00e9minaires d'A\u00efkido exceptionnels d'Ando aux Pays-Bas. Chaque s\u00e9minaire a un th\u00e8me unique et des enseignants stimulants.","breadcrumb":{"@id":"https:\/\/aikido-ando.nl\/aikido-seminar-in-nederland\/#breadcrumb"},"inLanguage":"fr-FR","potentialAction":[{"@type":"ReadAction","target":["https:\/\/aikido-ando.nl\/aikido-seminar-in-nederland\/"]}]},{"@type":"ImageObject","inLanguage":"fr-FR","@id":"https:\/\/aikido-ando.nl\/aikido-seminar-in-nederland\/#primaryimage","url":"https:\/\/aikido-ando.nl\/wp-content\/uploads\/Aikido_Celebration_Ando_Dojo.webp","contentUrl":"https:\/\/aikido-ando.nl\/wp-content\/uploads\/Aikido_Celebration_Ando_Dojo.webp","width":1920,"height":600,"caption":"Color Aikido, een feestelijke afsluiting van de seminar van Ando 15 jaar. Zowel kinder-Aikidoka's als volwassen aikidoka's deden mee. Niet te vergeten jeugd Aikidoka's."},{"@type":"BreadcrumbList","@id":"https:\/\/aikido-ando.nl\/aikido-seminar-in-nederland\/#breadcrumb","itemListElement":[{"@type":"ListItem","position":1,"name":"Home","item":"https:\/\/aikido-ando.nl\/"},{"@type":"ListItem","position":2,"name":"Aikido seminar in Nederland"}]},{"@type":"WebSite","@id":"https:\/\/aikido-ando.nl\/#website","url":"https:\/\/aikido-ando.nl\/","name":"Aikido Ando","description":"","publisher":{"@id":"https:\/\/aikido-ando.nl\/#organization"},"potentialAction":[{"@type":"SearchAction","target":{"@type":"EntryPoint","urlTemplate":"https:\/\/aikido-ando.nl\/?s={search_term_string}"},"query-input":{"@type":"PropertyValueSpecification","valueRequired":true,"valueName":"search_term_string"}}],"inLanguage":"fr-FR"},{"@type":"Organization","@id":"https:\/\/aikido-ando.nl\/#organization","name":"Aikido Ando","url":"https:\/\/aikido-ando.nl\/","logo":{"@type":"ImageObject","inLanguage":"fr-FR","@id":"https:\/\/aikido-ando.nl\/#\/schema\/logo\/image\/","url":"https:\/\/aikido-ando.nl\/wp-content\/uploads\/Logo.webp","contentUrl":"https:\/\/aikido-ando.nl\/wp-content\/uploads\/Logo.webp","width":500,"height":500,"caption":"Aikido Ando"},"image":{"@id":"https:\/\/aikido-ando.nl\/#\/schema\/logo\/image\/"},"sameAs":["https:\/\/www.facebook.com\/andoaikido","https:\/\/www.instagram.com\/andoaikido\/","https:\/\/www.tiktok.com\/404?fromUrl=\/andoaikido","https:\/\/www.linkedin.com\/company\/andoaikido?originalSubdomain=nl"]}]}},"_links":{"self":[{"href":"https:\/\/aikido-ando.nl\/fr\/wp-json\/wp\/v2\/pages\/542","targetHints":{"allow":["GET"]}}],"collection":[{"href":"https:\/\/aikido-ando.nl\/fr\/wp-json\/wp\/v2\/pages"}],"about":[{"href":"https:\/\/aikido-ando.nl\/fr\/wp-json\/wp\/v2\/types\/page"}],"author":[{"embeddable":true,"href":"https:\/\/aikido-ando.nl\/fr\/wp-json\/wp\/v2\/users\/1"}],"replies":[{"embeddable":true,"href":"https:\/\/aikido-ando.nl\/fr\/wp-json\/wp\/v2\/comments?post=542"}],"version-history":[{"count":0,"href":"https:\/\/aikido-ando.nl\/fr\/wp-json\/wp\/v2\/pages\/542\/revisions"}],"wp:featuredmedia":[{"embeddable":true,"href":"https:\/\/aikido-ando.nl\/fr\/wp-json\/wp\/v2\/media\/1676"}],"wp:attachment":[{"href":"https:\/\/aikido-ando.nl\/fr\/wp-json\/wp\/v2\/media?parent=542"}],"curies":[{"name":"wp","href":"https:\/\/api.w.org\/{rel}","templated":true}]}}