{"id":572,"date":"2024-10-08T22:04:12","date_gmt":"2024-10-08T20:04:12","guid":{"rendered":"https:\/\/aikido-ando.nl\/?page_id=572"},"modified":"2025-08-09T19:54:34","modified_gmt":"2025-08-09T17:54:34","slug":"communaute","status":"publish","type":"page","link":"https:\/\/aikido-ando.nl\/fr\/community\/","title":{"rendered":"Communaut\u00e9"},"content":{"rendered":"<div data-elementor-type=\"wp-page\" data-elementor-id=\"572\" class=\"elementor elementor-572\" data-elementor-post-type=\"page\">\n\t\t\t\t<div class=\"elementor-element elementor-element-e8a8756 e-flex e-con-boxed e-con e-parent\" data-id=\"e8a8756\" data-element_type=\"container\" data-e-type=\"container\">\n\t\t\t\t\t<div class=\"e-con-inner\">\n\t\t\t\t<div class=\"elementor-element elementor-element-2ba25a8 elementor-widget elementor-widget-heading\" data-id=\"2ba25a8\" data-element_type=\"widget\" data-e-type=\"widget\" data-widget_type=\"heading.default\">\n\t\t\t\t<div class=\"elementor-widget-container\">\n\t\t\t\t\t<h2 class=\"elementor-heading-title elementor-size-default\">Communaut\u00e9 mondiale de l'a\u00efkido<\/h2>\t\t\t\t<\/div>\n\t\t\t\t<\/div>\n\t\t\t\t<div class=\"elementor-element elementor-element-2c714e1 elementor-widget elementor-widget-text-editor\" data-id=\"2c714e1\" data-element_type=\"widget\" data-e-type=\"widget\" data-widget_type=\"text-editor.default\">\n\t\t\t\t<div class=\"elementor-widget-container\">\n\t\t\t\t\t\t\t\t\t<p><strong>L'a\u00efkido a une grande communaut\u00e9 qui d\u00e9passe les fronti\u00e8res des dojos et des pays.<\/strong> L'a\u00efkido \u00e9tant pratiqu\u00e9 dans le monde entier, il n'y a pas de comp\u00e9titions mais des s\u00e9minaires, ce qui cr\u00e9e une unit\u00e9. On n'attend pas de vous que vous choisissiez vos amis en fonction de votre niveau ou du club dans lequel vous vous entra\u00eenez. Mais plut\u00f4t en fonction de l'\u00e9galit\u00e9, de la passion pour l'A\u00efkido et des int\u00e9r\u00eats communs. Cela signifie que vous rencontrez beaucoup de nouvelles personnes en participant \u00e0 des s\u00e9minaires en Allemagne et \u00e0 l'\u00e9tranger. <strong>Vous apprenez \u00e0 mieux conna\u00eetre les cultures<\/strong> et leurs habitudes. Vous construisez votre <strong>son propre r\u00e9seau d'amis<\/strong> dans le monde entier, ce qui le rend <strong>super sympa de voyager et d'apprendre des autres en plus de pratiquer l'Aikido<\/strong>. Les diff\u00e9rents grands ma\u00eetres se rendent aux Pays-Bas (voir rubrique s\u00e9minaire) ou en Europe.<\/p><h3>Communaut\u00e9 Ando<\/h3><p>Il n'est pas n\u00e9cessaire de partir loin pour en faire l'exp\u00e9rience. On peut le faire dans notre propre dojo, \u00e0 Ando. Et ce, d\u00e8s le premier instant. <strong>En effet, nous pensons qu'il est important que chacun se sente le bienvenu<\/strong> et c'est pour cette raison que l'on s'occupera toujours de vous. En japonais, on appelle cela <strong>Senpai-Kohei<\/strong>, Le senpai est le fr\u00e8re ou la s\u0153ur a\u00een\u00e9(e) (aikidoka senior) qui prend soin du plus jeune (aikidoka junior) et l'aide dans la mesure du possible. Ce lien est tr\u00e8s important pour un Japonais. Il est tout aussi important qu'une bonne relation entre Sensei (professeur) et Deshi (\u00e9l\u00e8ve). Les relations sont les \u00e9l\u00e9ments constitutifs et les valeurs fondamentales de l'\u00eatre humain. Il en va de m\u00eame pour le <strong>une communaut\u00e9 qui veut le meilleur pour les autres<\/strong>, Ils s'appr\u00e9cient mutuellement, s'aident \u00e0 grandir, osent r\u00e9fl\u00e9chir et s'amusent ensemble.<\/p><h3>Connexion sp\u00e9ciale<\/h3><p>Ando ne s'arr\u00eate pas aux \u00e9tudiants qui sont activement sur le tapis, mais <strong>Vous pouvez \u00e9galement rester impliqu\u00e9 par la suite et entretenir les amiti\u00e9s nou\u00e9es<\/strong>. Si vous avez suivi une formation \u00e0 Ando depuis votre plus jeune \u00e2ge ou pendant de nombreuses ann\u00e9es, il y aura toujours un lien particulier. Nous y sommes favorables et nous aimons rester en contact avec nos anciens \u00e9l\u00e8ves. Des activit\u00e9s gratuites sont organis\u00e9es auxquelles vous pouvez participer.<\/p>\t\t\t\t\t\t\t\t<\/div>\n\t\t\t\t<\/div>\n\t\t\t\t\t<\/div>\n\t\t\t\t<\/div>\n\t\t<div class=\"elementor-element elementor-element-34c1610 e-flex e-con-boxed e-con e-parent\" data-id=\"34c1610\" data-element_type=\"container\" data-e-type=\"container\">\n\t\t\t\t\t<div class=\"e-con-inner\">\n\t\t<div class=\"elementor-element elementor-element-6708e3a e-con-full e-flex e-con e-child\" data-id=\"6708e3a\" data-element_type=\"container\" data-e-type=\"container\">\n\t\t\t\t<\/div>\n\t\t<div class=\"elementor-element elementor-element-b4354cc e-con-full e-flex e-con e-child\" data-id=\"b4354cc\" data-element_type=\"container\" data-e-type=\"container\">\n\t\t\t\t<\/div>\n\t\t\t\t\t<\/div>\n\t\t\t\t<\/div>\n\t\t<div class=\"elementor-element elementor-element-638f3b3 e-flex e-con-boxed e-con e-parent\" data-id=\"638f3b3\" data-element_type=\"container\" data-e-type=\"container\">\n\t\t\t\t\t<div class=\"e-con-inner\">\n\t\t\t\t<div class=\"elementor-element elementor-element-9889930 elementor-widget elementor-widget-video\" data-id=\"9889930\" data-element_type=\"widget\" data-e-type=\"widget\" data-settings=\"{&quot;video_type&quot;:&quot;vimeo&quot;}\" data-widget_type=\"video.default\">\n\t\t\t\t<div class=\"elementor-widget-container\">\n\t\t\t\t\t\t\t<div class=\"elementor-wrapper elementor-open-inline\">\n\t\t\t<iframe class=\"elementor-video-iframe\" allowfullscreen allow=\"clipboard-write\" title=\"vimeo Video-Spieler\" src=\"https:\/\/player.vimeo.com\/video\/943401629?color&amp;autopause=0&amp;loop=0&amp;muted=0&amp;title=1&amp;portrait=1&amp;byline=1#t=\" data-no-translation-title=\"\"><\/iframe>\t\t<\/div>\n\t\t\t\t\t\t<\/div>\n\t\t\t\t<\/div>\n\t\t\t\t<div class=\"elementor-element elementor-element-7cfbae3 elementor-widget elementor-widget-heading\" data-id=\"7cfbae3\" data-element_type=\"widget\" data-e-type=\"widget\" data-widget_type=\"heading.default\">\n\t\t\t\t<div class=\"elementor-widget-container\">\n\t\t\t\t\t<h2 class=\"elementor-heading-title elementor-size-default\">Camp d'a\u00efkido Ando<\/h2>\t\t\t\t<\/div>\n\t\t\t\t<\/div>\n\t\t\t\t<div class=\"elementor-element elementor-element-26ef7a9 elementor-widget elementor-widget-text-editor\" data-id=\"26ef7a9\" data-element_type=\"widget\" data-e-type=\"widget\" data-widget_type=\"text-editor.default\">\n\t\t\t\t<div class=\"elementor-widget-container\">\n\t\t\t\t\t\t\t\t\t<p><strong style=\"font-family: var( --e-global-typography-text-font-family ), Sans-serif; text-align: var(--text-align); font-size: 18px;\">Nous avons organis\u00e9 un camp pour les enfants et les jeunes sur le th\u00e8me du r\u00e9veillon du Nouvel An pour notre communaut\u00e9 d'a\u00efkido. Bien s\u00fbr, parce que nous avions encore les vapeurs de poudre des feux d'artifice dans les narines et que les oliebollen n'avaient pas encore quitt\u00e9 nos estomacs, mais surtout parce que nous avons fait une r\u00e9trospective des 10 ans d'Ando pendant le camp. Les moments forts des camps pr\u00e9c\u00e9dents y ont \u00e9t\u00e9 int\u00e9gr\u00e9s.<\/strong><\/p><p>Quel camp ! Les effets ont \u00e9t\u00e9 clairement ressentis par les parents. Le camp avait fatigu\u00e9 leurs enfants et apr\u00e8s, ils se sont endormis sur le canap\u00e9. Cela signifie au moins une chose : ce camp a d\u00fb \u00eatre un succ\u00e8s. D\u00e8s le d\u00e9but, c'\u00e9tait la f\u00eate. Personnellement, j'ai beaucoup appr\u00e9ci\u00e9 les diff\u00e9rentes activit\u00e9s. <strong>Avec les enfants et les jeunes membres d'Ando, nous avons \u00e0 nouveau v\u00e9cu quelques aventures, hourra !<\/strong> Des aliments inconnus ont \u00e9t\u00e9 consomm\u00e9s (QUELLE HEURE), des courses de ballons ont \u00e9t\u00e9 organis\u00e9es et des jeux forestiers ont \u00e9t\u00e9 jou\u00e9s. Le jeu des photos \u00e9tait tr\u00e8s excitant. Chaque groupe d'enfants a emmen\u00e9 un jeune \u00e0 travers la for\u00eat \u00e0 la recherche des photos des membres du personnel disparus. Avec les voleurs \u00e0 leurs trousses, les enfants ont couru de poste en poste \u00e0 la recherche des souvenirs manquants.<\/p><h3>A ne pas manquer<\/h3><p>Bien s\u00fbr, le camp implique aussi de se lever t\u00f4t pour prendre des photos amusantes (et fatigu\u00e9es) de nous tous ! Pr\u00e9parer de d\u00e9licieux croissants, puis passer au v<strong>avant le d\u00eener pour pratiquer un peu d'A\u00efkido<\/strong>. Parce qu'un camp d'A\u00efkido sans A\u00efkido serait trop fou pour \u00eatre d\u00e9crit ! Le voyage dans le temps a \u00e9t\u00e9 tr\u00e8s amusant pour beaucoup d'enfants et peut-\u00eatre encore plus pour les membres du personnel ? Les yeux band\u00e9s, les enfants et les jeunes membres de l'\u00e9quipe de l'Aikido ont fait un voyage dans le temps. <strong>La machine \u00e0 remonter le temps d'Ando<\/strong> et une voix a racont\u00e9 ce qu'ils ont tous v\u00e9cu. Les animaux qui volent, le moustique Chihuahua, les pots de poivre qui tombent en morceaux, le Gangnam Syle d'Edo, les situations bizarres dans le dojo de Michelle et, bien s\u00fbr, les m\u00e9dicaments qui p\u00e9tillent sur la langue. En plus d'une belle <strong>Le prochain top model d'Ando<\/strong> les enfants ont pu s'habiller joliment pour le d\u00eener de f\u00eate. Anne et Edo \u00e9taient \u00e9galement tr\u00e8s joliment d\u00e9cor\u00e9s ! Les autres membres du personnel \u00e9taient les serveurs, tous bien habill\u00e9s. Ils ont apport\u00e9 des snacks, des boissons et des plats d\u00e9licieux. Le dernier jour \u00e9tait pr\u00e9vu pour le nettoyage, tout le monde a bien aid\u00e9 et la cabane en rondins dans laquelle nous nous trouvions a \u00e9t\u00e9 laiss\u00e9e en ordre. Apr\u00e8s un sandwich, du caf\u00e9, du th\u00e9 et une belle chanson des jeunes (gr\u00e2ce \u00e0 leurs \u0153ufs adopt\u00e9s), le camp s'est termin\u00e9 en beaut\u00e9. Nous avons h\u00e2te de voir ce que nous ferons l'ann\u00e9e prochaine ! Vous vous joindrez \u00e0 nous, bien s\u00fbr ! Texte : Kim L.<\/p>\t\t\t\t\t\t\t\t<\/div>\n\t\t\t\t<\/div>\n\t\t\t\t\t<\/div>\n\t\t\t\t<\/div>\n\t\t\t\t<\/div>","protected":false},"excerpt":{"rendered":"<p>Wereldwijde Aikido Community Aikido kent een grote community dat voorbij dojo en landgrenzen gaat. Doordat Aikido wereldwijd beoefend word, geen wedstrijden kent maar wel seminars zorgt dit voor eendracht. Er wordt niet van jou verwacht dat je keuzes maakt in vriendschappen gebaseerd op je niveau of club waar je voor traint. Maar juist vanuit gelijkwaardigheid, [&hellip;]<\/p>\n","protected":false},"author":1,"featured_media":1676,"parent":0,"menu_order":0,"comment_status":"closed","ping_status":"closed","template":"elementor_header_footer","meta":{"footnotes":""},"class_list":["post-572","page","type-page","status-publish","has-post-thumbnail","hentry"],"yoast_head":"<!-- This site is optimized with the Yoast SEO Premium plugin v27.3 (Yoast SEO v27.3) - https:\/\/yoast.com\/product\/yoast-seo-premium-wordpress\/ -->\n<title>Community - Aikido ANDO<\/title>\n<meta name=\"description\" content=\"Ervaar de hechte kracht van de Aikido-community bij Ando. Vanuit onze dojo in Nederland naar connecties over de hele wereld.\" \/>\n<meta name=\"robots\" content=\"index, follow, max-snippet:-1, max-image-preview:large, max-video-preview:-1\" \/>\n<link rel=\"canonical\" href=\"https:\/\/aikido-ando.nl\/fr\/communaute\/\" \/>\n<meta property=\"og:locale\" content=\"fr_FR\" \/>\n<meta property=\"og:type\" content=\"article\" \/>\n<meta property=\"og:title\" content=\"Community\" \/>\n<meta property=\"og:description\" content=\"Ervaar de hechte kracht van de Aikido-community bij Ando. Vanuit onze dojo in Nederland naar connecties over de hele wereld.\" \/>\n<meta property=\"og:url\" content=\"https:\/\/aikido-ando.nl\/fr\/communaute\/\" \/>\n<meta property=\"og:site_name\" content=\"Aikido ANDO\" \/>\n<meta property=\"article:publisher\" content=\"https:\/\/www.facebook.com\/andoaikido\" \/>\n<meta property=\"article:modified_time\" content=\"2025-08-09T17:54:34+00:00\" \/>\n<meta property=\"og:image\" content=\"https:\/\/aikido-ando.nl\/wp-content\/uploads\/Aikido_Celebration_Ando_Dojo.webp\" \/>\n\t<meta property=\"og:image:width\" content=\"1920\" \/>\n\t<meta property=\"og:image:height\" content=\"600\" \/>\n\t<meta property=\"og:image:type\" content=\"image\/webp\" \/>\n<meta name=\"twitter:card\" content=\"summary_large_image\" \/>\n<meta name=\"twitter:label1\" content=\"Dur\u00e9e de lecture estim\u00e9e\" \/>\n\t<meta name=\"twitter:data1\" content=\"4 minutes\" \/>\n<script type=\"application\/ld+json\" class=\"yoast-schema-graph\">{\"@context\":\"https:\\\/\\\/schema.org\",\"@graph\":[{\"@type\":\"WebPage\",\"@id\":\"https:\\\/\\\/aikido-ando.nl\\\/community\\\/\",\"url\":\"https:\\\/\\\/aikido-ando.nl\\\/community\\\/\",\"name\":\"Community - Aikido ANDO\",\"isPartOf\":{\"@id\":\"https:\\\/\\\/aikido-ando.nl\\\/#website\"},\"primaryImageOfPage\":{\"@id\":\"https:\\\/\\\/aikido-ando.nl\\\/community\\\/#primaryimage\"},\"image\":{\"@id\":\"https:\\\/\\\/aikido-ando.nl\\\/community\\\/#primaryimage\"},\"thumbnailUrl\":\"https:\\\/\\\/aikido-ando.nl\\\/wp-content\\\/uploads\\\/Aikido_Celebration_Ando_Dojo.webp\",\"datePublished\":\"2024-10-08T20:04:12+00:00\",\"dateModified\":\"2025-08-09T17:54:34+00:00\",\"description\":\"Ervaar de hechte kracht van de Aikido-community bij Ando. Vanuit onze dojo in Nederland naar connecties over de hele wereld.\",\"breadcrumb\":{\"@id\":\"https:\\\/\\\/aikido-ando.nl\\\/community\\\/#breadcrumb\"},\"inLanguage\":\"fr-FR\",\"potentialAction\":[{\"@type\":\"ReadAction\",\"target\":[\"https:\\\/\\\/aikido-ando.nl\\\/community\\\/\"]}]},{\"@type\":\"ImageObject\",\"inLanguage\":\"fr-FR\",\"@id\":\"https:\\\/\\\/aikido-ando.nl\\\/community\\\/#primaryimage\",\"url\":\"https:\\\/\\\/aikido-ando.nl\\\/wp-content\\\/uploads\\\/Aikido_Celebration_Ando_Dojo.webp\",\"contentUrl\":\"https:\\\/\\\/aikido-ando.nl\\\/wp-content\\\/uploads\\\/Aikido_Celebration_Ando_Dojo.webp\",\"width\":1920,\"height\":600,\"caption\":\"Color Aikido, een feestelijke afsluiting van de seminar van Ando 15 jaar. Zowel kinder-Aikidoka's als volwassen aikidoka's deden mee. Niet te vergeten jeugd Aikidoka's.\"},{\"@type\":\"BreadcrumbList\",\"@id\":\"https:\\\/\\\/aikido-ando.nl\\\/community\\\/#breadcrumb\",\"itemListElement\":[{\"@type\":\"ListItem\",\"position\":1,\"name\":\"Home\",\"item\":\"https:\\\/\\\/aikido-ando.nl\\\/\"},{\"@type\":\"ListItem\",\"position\":2,\"name\":\"Community\"}]},{\"@type\":\"WebSite\",\"@id\":\"https:\\\/\\\/aikido-ando.nl\\\/#website\",\"url\":\"https:\\\/\\\/aikido-ando.nl\\\/\",\"name\":\"Aikido Ando\",\"description\":\"\",\"publisher\":{\"@id\":\"https:\\\/\\\/aikido-ando.nl\\\/#organization\"},\"potentialAction\":[{\"@type\":\"SearchAction\",\"target\":{\"@type\":\"EntryPoint\",\"urlTemplate\":\"https:\\\/\\\/aikido-ando.nl\\\/?s={search_term_string}\"},\"query-input\":{\"@type\":\"PropertyValueSpecification\",\"valueRequired\":true,\"valueName\":\"search_term_string\"}}],\"inLanguage\":\"fr-FR\"},{\"@type\":\"Organization\",\"@id\":\"https:\\\/\\\/aikido-ando.nl\\\/#organization\",\"name\":\"Aikido Ando\",\"url\":\"https:\\\/\\\/aikido-ando.nl\\\/\",\"logo\":{\"@type\":\"ImageObject\",\"inLanguage\":\"fr-FR\",\"@id\":\"https:\\\/\\\/aikido-ando.nl\\\/#\\\/schema\\\/logo\\\/image\\\/\",\"url\":\"https:\\\/\\\/aikido-ando.nl\\\/wp-content\\\/uploads\\\/Logo.webp\",\"contentUrl\":\"https:\\\/\\\/aikido-ando.nl\\\/wp-content\\\/uploads\\\/Logo.webp\",\"width\":500,\"height\":500,\"caption\":\"Aikido Ando\"},\"image\":{\"@id\":\"https:\\\/\\\/aikido-ando.nl\\\/#\\\/schema\\\/logo\\\/image\\\/\"},\"sameAs\":[\"https:\\\/\\\/www.facebook.com\\\/andoaikido\",\"https:\\\/\\\/www.instagram.com\\\/andoaikido\\\/\",\"https:\\\/\\\/www.tiktok.com\\\/404?fromUrl=\\\/andoaikido\",\"https:\\\/\\\/www.linkedin.com\\\/company\\\/andoaikido?originalSubdomain=nl\"]}]}<\/script>\n<!-- \/ Yoast SEO Premium plugin. -->","yoast_head_json":{"title":"Communaut\u00e9 - Aikido ANDO","description":"Faites l'exp\u00e9rience de la force soud\u00e9e de la communaut\u00e9 de l'Aikido \u00e0 Ando. Depuis notre dojo aux Pays-Bas jusqu'aux connexions dans le monde entier.","robots":{"index":"index","follow":"follow","max-snippet":"max-snippet:-1","max-image-preview":"max-image-preview:large","max-video-preview":"max-video-preview:-1"},"canonical":"https:\/\/aikido-ando.nl\/fr\/communaute\/","og_locale":"fr_FR","og_type":"article","og_title":"Community","og_description":"Ervaar de hechte kracht van de Aikido-community bij Ando. Vanuit onze dojo in Nederland naar connecties over de hele wereld.","og_url":"https:\/\/aikido-ando.nl\/fr\/communaute\/","og_site_name":"Aikido ANDO","article_publisher":"https:\/\/www.facebook.com\/andoaikido","article_modified_time":"2025-08-09T17:54:34+00:00","og_image":[{"width":1920,"height":600,"url":"https:\/\/aikido-ando.nl\/wp-content\/uploads\/Aikido_Celebration_Ando_Dojo.webp","type":"image\/webp"}],"twitter_card":"summary_large_image","twitter_misc":{"Dur\u00e9e de lecture estim\u00e9e":"4 minutes"},"schema":{"@context":"https:\/\/schema.org","@graph":[{"@type":"WebPage","@id":"https:\/\/aikido-ando.nl\/community\/","url":"https:\/\/aikido-ando.nl\/community\/","name":"Communaut\u00e9 - Aikido ANDO","isPartOf":{"@id":"https:\/\/aikido-ando.nl\/#website"},"primaryImageOfPage":{"@id":"https:\/\/aikido-ando.nl\/community\/#primaryimage"},"image":{"@id":"https:\/\/aikido-ando.nl\/community\/#primaryimage"},"thumbnailUrl":"https:\/\/aikido-ando.nl\/wp-content\/uploads\/Aikido_Celebration_Ando_Dojo.webp","datePublished":"2024-10-08T20:04:12+00:00","dateModified":"2025-08-09T17:54:34+00:00","description":"Faites l'exp\u00e9rience de la force soud\u00e9e de la communaut\u00e9 de l'Aikido \u00e0 Ando. Depuis notre dojo aux Pays-Bas jusqu'aux connexions dans le monde entier.","breadcrumb":{"@id":"https:\/\/aikido-ando.nl\/community\/#breadcrumb"},"inLanguage":"fr-FR","potentialAction":[{"@type":"ReadAction","target":["https:\/\/aikido-ando.nl\/community\/"]}]},{"@type":"ImageObject","inLanguage":"fr-FR","@id":"https:\/\/aikido-ando.nl\/community\/#primaryimage","url":"https:\/\/aikido-ando.nl\/wp-content\/uploads\/Aikido_Celebration_Ando_Dojo.webp","contentUrl":"https:\/\/aikido-ando.nl\/wp-content\/uploads\/Aikido_Celebration_Ando_Dojo.webp","width":1920,"height":600,"caption":"Color Aikido, een feestelijke afsluiting van de seminar van Ando 15 jaar. Zowel kinder-Aikidoka's als volwassen aikidoka's deden mee. Niet te vergeten jeugd Aikidoka's."},{"@type":"BreadcrumbList","@id":"https:\/\/aikido-ando.nl\/community\/#breadcrumb","itemListElement":[{"@type":"ListItem","position":1,"name":"Home","item":"https:\/\/aikido-ando.nl\/"},{"@type":"ListItem","position":2,"name":"Community"}]},{"@type":"WebSite","@id":"https:\/\/aikido-ando.nl\/#website","url":"https:\/\/aikido-ando.nl\/","name":"Aikido Ando","description":"","publisher":{"@id":"https:\/\/aikido-ando.nl\/#organization"},"potentialAction":[{"@type":"SearchAction","target":{"@type":"EntryPoint","urlTemplate":"https:\/\/aikido-ando.nl\/?s={search_term_string}"},"query-input":{"@type":"PropertyValueSpecification","valueRequired":true,"valueName":"search_term_string"}}],"inLanguage":"fr-FR"},{"@type":"Organization","@id":"https:\/\/aikido-ando.nl\/#organization","name":"Aikido Ando","url":"https:\/\/aikido-ando.nl\/","logo":{"@type":"ImageObject","inLanguage":"fr-FR","@id":"https:\/\/aikido-ando.nl\/#\/schema\/logo\/image\/","url":"https:\/\/aikido-ando.nl\/wp-content\/uploads\/Logo.webp","contentUrl":"https:\/\/aikido-ando.nl\/wp-content\/uploads\/Logo.webp","width":500,"height":500,"caption":"Aikido Ando"},"image":{"@id":"https:\/\/aikido-ando.nl\/#\/schema\/logo\/image\/"},"sameAs":["https:\/\/www.facebook.com\/andoaikido","https:\/\/www.instagram.com\/andoaikido\/","https:\/\/www.tiktok.com\/404?fromUrl=\/andoaikido","https:\/\/www.linkedin.com\/company\/andoaikido?originalSubdomain=nl"]}]}},"_links":{"self":[{"href":"https:\/\/aikido-ando.nl\/fr\/wp-json\/wp\/v2\/pages\/572","targetHints":{"allow":["GET"]}}],"collection":[{"href":"https:\/\/aikido-ando.nl\/fr\/wp-json\/wp\/v2\/pages"}],"about":[{"href":"https:\/\/aikido-ando.nl\/fr\/wp-json\/wp\/v2\/types\/page"}],"author":[{"embeddable":true,"href":"https:\/\/aikido-ando.nl\/fr\/wp-json\/wp\/v2\/users\/1"}],"replies":[{"embeddable":true,"href":"https:\/\/aikido-ando.nl\/fr\/wp-json\/wp\/v2\/comments?post=572"}],"version-history":[{"count":0,"href":"https:\/\/aikido-ando.nl\/fr\/wp-json\/wp\/v2\/pages\/572\/revisions"}],"wp:featuredmedia":[{"embeddable":true,"href":"https:\/\/aikido-ando.nl\/fr\/wp-json\/wp\/v2\/media\/1676"}],"wp:attachment":[{"href":"https:\/\/aikido-ando.nl\/fr\/wp-json\/wp\/v2\/media?parent=572"}],"curies":[{"name":"wp","href":"https:\/\/api.w.org\/{rel}","templated":true}]}}