{"id":656,"date":"2024-10-13T15:15:31","date_gmt":"2024-10-13T13:15:31","guid":{"rendered":"https:\/\/aikido-ando.nl\/?page_id=656"},"modified":"2024-12-10T13:59:58","modified_gmt":"2024-12-10T12:59:58","slug":"lengagement-communautaire","status":"publish","type":"page","link":"https:\/\/aikido-ando.nl\/fr\/maatschappelijke-inzet\/","title":{"rendered":"Engagement social"},"content":{"rendered":"<div data-elementor-type=\"wp-page\" data-elementor-id=\"656\" class=\"elementor elementor-656\" data-elementor-post-type=\"page\">\n\t\t\t\t<div class=\"elementor-element elementor-element-2716497 e-flex e-con-boxed e-con e-parent\" data-id=\"2716497\" data-element_type=\"container\" data-e-type=\"container\">\n\t\t\t\t\t<div class=\"e-con-inner\">\n\t\t\t\t<div class=\"elementor-element elementor-element-37e0530 elementor-widget elementor-widget-text-editor\" data-id=\"37e0530\" data-element_type=\"widget\" data-e-type=\"widget\" data-widget_type=\"text-editor.default\">\n\t\t\t\t<div class=\"elementor-widget-container\">\n\t\t\t\t\t\t\t\t\t<h2>Engagement social Aikido<\/h2><p><strong>L'\u00e9cole d'a\u00efkido Ando transmet clairement son message social. En 2006, la KNKF a demand\u00e9 \u00e0 l'\u00e9cole d'a\u00efkido Ando, au nom du minist\u00e8re de la VWS, de d\u00e9ployer son expertise dans les \u00e9coles primaires. Mme J. Bussemakers souhaitait explicitement travailler avec les \u00e9coles primaires afin que la valeur ajout\u00e9e du sport profite au d\u00e9veloppement de l'enfant.  Il s'agissait d'un projet de quatre ans.<\/strong><\/p>\t\t\t\t\t\t\t\t<\/div>\n\t\t\t\t<\/div>\n\t\t\t\t<div class=\"elementor-element elementor-element-e9ffc25 elementor-widget elementor-widget-text-editor\" data-id=\"e9ffc25\" data-element_type=\"widget\" data-e-type=\"widget\" data-widget_type=\"text-editor.default\">\n\t\t\t\t<div class=\"elementor-widget-container\">\n\t\t\t\t\t\t\t\t\t<h3>(Re)d\u00e9couvrir ensemble la confiance en soi.<\/h3>\n<p>Dans la soci\u00e9t\u00e9 actuelle, nous assistons \u00e0 un durcissement du climat social. Ce durcissement touche \u00e9galement les plus jeunes.<\/p>\n<p>On constate une augmentation de la f\u00e9rocit\u00e9 chez les adolescents en raison d'une perte de confiance en soi et d'un sentiment d'ins\u00e9curit\u00e9. Les \u00e9l\u00e8ves sont invit\u00e9s \u00e0 faire des choix tous les jours, \u00e0 l'int\u00e9rieur et \u00e0 l'ext\u00e9rieur de l'\u00e9cole.<\/p>\n<p>Notre programme vise \u00e0 aider les enfants \u00e0 voir les possibilit\u00e9s et \u00e0 exp\u00e9rimenter l'espace l\u00e0 o\u00f9 il n'est pas \u00e9vident. Nous nous inspirons des instructions pratiques offertes par les traditions de l'A\u00efkido.<\/p>\n<p>Nous savons qu'il n'y a pas de menu instantan\u00e9. Le changement est un processus, il faut \u00eatre patient et fr\u00e9quent. Cependant, il a \u00e9t\u00e9 prouv\u00e9 que le moindre changement aujourd'hui peut avoir de grandes cons\u00e9quences \u00e0 long terme.<\/p>\n<p>En collaboration avec les \u00e9coles, nous lan\u00e7ons ce processus afin de ramener l'endurcissement \u00e0 un niveau acceptable pour que les \u00e9l\u00e8ves puissent (re)d\u00e9couvrir la confiance en soi.<\/p>\n<p>La force de ce programme r\u00e9side dans le fait qu'ensemble, nous pouvons faire la diff\u00e9rence. Vous souhaitez en savoir plus sur le programme scolaire global \u2018Ensemble, nous faisons la diff\u00e9rence\u2019 ? N'h\u00e9sitez pas \u00e0 nous contacter pour convenir d'un rendez-vous.<\/p>\n<h3><b>Cours d'a\u00efkido dans les \u00e9coles primaires<\/b><\/h3>\n<p>La Ruche : L'a\u00efkido dans la lettre d'information de l'\u00e9cole sup\u00e9rieure<br>Pendant les cours de gymnastique de l'\u00e9cole sup\u00e9rieure, nous travaillerons sur le programme \u2018Nous faisons la diff\u00e9rence\u2019 ! dans les semaines \u00e0 venir. Ce programme porte sur l'a\u00efkido. L'a\u00efkido est un sport d'autod\u00e9fense qui consiste \u00e0 apprendre \u00e0 ne pas se battre et \u00e0 se contr\u00f4ler. Le programme se compose d'un livret de lecture, d'un cahier d'exercices et de travaux pratiques. Les enfants d\u00e9couvriront les secrets de l'a\u00efkido et \u00e9criront leur propre nom en japonais. Au cours de ce programme, chaque semaine (pendant le cours de gymnastique le jeudi), les entra\u00eeneurs de l'\u00e9cole d'a\u00efkido Ando donneront une le\u00e7on telle qu'elle est pr\u00e9sent\u00e9e dans le livret de lecture. Votre enfant vous en dira peut-\u00eatre plus \u00e0 ce sujet.<\/p>\n<p>\u00c9cole primaire du Bijenkorf<br>dir. M. H. Berndsen<\/p>\n<p>Louis Buelens Ditjes en Datjes newsletter <br>Photo de groupe apr\u00e8s la le\u00e7on sur la peste\u2018<\/p>\n<p>Demain, les groupes 6, 7 et 8 commenceront un projet autour du sport Aikido. Cet ancien art martial japonais exige une grande ma\u00eetrise de soi et un comportement sportif. Ce sport est utilis\u00e9 comme moyen de d\u00e9veloppement social et \u00e9motionnel pour les \u00e9l\u00e8ves.<br>soutien. Outre les cours d'A\u00efkido, toutes les activit\u00e9s font l'objet d'un traitement \u00e9crit. Ce projet, r\u00e9alis\u00e9 par deux anciens \u00e9l\u00e8ves et leurs parents, est soutenu financi\u00e8rement par le minist\u00e8re. Nous souhaitons \u00e0 Anne et Edo beaucoup de plaisir et de succ\u00e8s dans leur ancienne \u00e9cole avec ce grand projet !<\/p>\n<p>\u00c9cole primaire Louis Buelens<br>bs-louisbuelens.com<\/p>\n<p>Contactez Ando pour d\u00e9couvrir les initiatives d'A\u00efkido social dans votre r\u00e9gion.<\/p>\t\t\t\t\t\t\t\t<\/div>\n\t\t\t\t<\/div>\n\t\t\t\t\t<\/div>\n\t\t\t\t<\/div>\n\t\t\t\t<\/div>","protected":false},"excerpt":{"rendered":"<p>Maatschappelijke inzet Aikido Aikido School Ando brengt duidelijk hun maatschappelijke boodschap over.\u00a0In 2006 is Aikido School Ando door het KNKF, namens het Ministerie van VWS, gevraagd om hun expertise in te zetten op basisscholen. Het was de uitdrukkelijk wens van mw. J. Bussemakers om met de basisscholen samen te werken zodat de toegevoegde waarde van [&hellip;]<\/p>\n","protected":false},"author":1,"featured_media":1678,"parent":0,"menu_order":0,"comment_status":"closed","ping_status":"closed","template":"elementor_header_footer","meta":{"footnotes":""},"class_list":["post-656","page","type-page","status-publish","has-post-thumbnail","hentry"],"yoast_head":"<!-- This site is optimized with the Yoast SEO Premium plugin v27.3 (Yoast SEO v27.3) - https:\/\/yoast.com\/product\/yoast-seo-premium-wordpress\/ -->\n<title>Maatschappelijke inzet - Aikido ANDO<\/title>\n<meta name=\"description\" content=\"Ontdek hoe Aikido ANDO bijdraagt aan de samenleving met programma&#039;s op basisscholen en initiatieven voor zelfvertrouwen en veiligheid.\" \/>\n<meta name=\"robots\" content=\"index, follow, max-snippet:-1, max-image-preview:large, max-video-preview:-1\" \/>\n<link rel=\"canonical\" href=\"https:\/\/aikido-ando.nl\/fr\/lengagement-communautaire\/\" \/>\n<meta property=\"og:locale\" content=\"fr_FR\" \/>\n<meta property=\"og:type\" content=\"article\" \/>\n<meta property=\"og:title\" content=\"Maatschappelijke inzet\" \/>\n<meta property=\"og:description\" content=\"Ontdek hoe Aikido ANDO bijdraagt aan de samenleving met programma&#039;s op basisscholen en initiatieven voor zelfvertrouwen en veiligheid.\" \/>\n<meta property=\"og:url\" content=\"https:\/\/aikido-ando.nl\/fr\/lengagement-communautaire\/\" \/>\n<meta property=\"og:site_name\" content=\"Aikido ANDO\" \/>\n<meta property=\"article:publisher\" content=\"https:\/\/www.facebook.com\/andoaikido\" \/>\n<meta property=\"article:modified_time\" content=\"2024-12-10T12:59:58+00:00\" \/>\n<meta property=\"og:image\" content=\"https:\/\/aikido-ando.nl\/wp-content\/uploads\/AnneSlui_sensei_Aikido_dojo_Eindhoven_StrijpS-2.webp\" \/>\n\t<meta property=\"og:image:width\" content=\"1920\" \/>\n\t<meta property=\"og:image:height\" content=\"600\" \/>\n\t<meta property=\"og:image:type\" content=\"image\/webp\" \/>\n<meta name=\"twitter:card\" content=\"summary_large_image\" \/>\n<meta name=\"twitter:label1\" content=\"Dur\u00e9e de lecture estim\u00e9e\" \/>\n\t<meta name=\"twitter:data1\" content=\"3 minutes\" \/>\n<script type=\"application\/ld+json\" class=\"yoast-schema-graph\">{\"@context\":\"https:\\\/\\\/schema.org\",\"@graph\":[{\"@type\":\"WebPage\",\"@id\":\"https:\\\/\\\/aikido-ando.nl\\\/maatschappelijke-inzet\\\/\",\"url\":\"https:\\\/\\\/aikido-ando.nl\\\/maatschappelijke-inzet\\\/\",\"name\":\"Maatschappelijke inzet - Aikido ANDO\",\"isPartOf\":{\"@id\":\"https:\\\/\\\/aikido-ando.nl\\\/#website\"},\"primaryImageOfPage\":{\"@id\":\"https:\\\/\\\/aikido-ando.nl\\\/maatschappelijke-inzet\\\/#primaryimage\"},\"image\":{\"@id\":\"https:\\\/\\\/aikido-ando.nl\\\/maatschappelijke-inzet\\\/#primaryimage\"},\"thumbnailUrl\":\"https:\\\/\\\/aikido-ando.nl\\\/wp-content\\\/uploads\\\/AnneSlui_sensei_Aikido_dojo_Eindhoven_StrijpS-2.webp\",\"datePublished\":\"2024-10-13T13:15:31+00:00\",\"dateModified\":\"2024-12-10T12:59:58+00:00\",\"description\":\"Ontdek hoe Aikido ANDO bijdraagt aan de samenleving met programma's op basisscholen en initiatieven voor zelfvertrouwen en veiligheid.\",\"breadcrumb\":{\"@id\":\"https:\\\/\\\/aikido-ando.nl\\\/maatschappelijke-inzet\\\/#breadcrumb\"},\"inLanguage\":\"fr-FR\",\"potentialAction\":[{\"@type\":\"ReadAction\",\"target\":[\"https:\\\/\\\/aikido-ando.nl\\\/maatschappelijke-inzet\\\/\"]}]},{\"@type\":\"ImageObject\",\"inLanguage\":\"fr-FR\",\"@id\":\"https:\\\/\\\/aikido-ando.nl\\\/maatschappelijke-inzet\\\/#primaryimage\",\"url\":\"https:\\\/\\\/aikido-ando.nl\\\/wp-content\\\/uploads\\\/AnneSlui_sensei_Aikido_dojo_Eindhoven_StrijpS-2.webp\",\"contentUrl\":\"https:\\\/\\\/aikido-ando.nl\\\/wp-content\\\/uploads\\\/AnneSlui_sensei_Aikido_dojo_Eindhoven_StrijpS-2.webp\",\"width\":1920,\"height\":600,\"caption\":\"Sensei Anne Slui werpt Edo met de Jo op Strijp-S in een Urban setting. Dit geeft Aikido een urban-aikido tintje.\"},{\"@type\":\"BreadcrumbList\",\"@id\":\"https:\\\/\\\/aikido-ando.nl\\\/maatschappelijke-inzet\\\/#breadcrumb\",\"itemListElement\":[{\"@type\":\"ListItem\",\"position\":1,\"name\":\"Home\",\"item\":\"https:\\\/\\\/aikido-ando.nl\\\/\"},{\"@type\":\"ListItem\",\"position\":2,\"name\":\"Maatschappelijke inzet\"}]},{\"@type\":\"WebSite\",\"@id\":\"https:\\\/\\\/aikido-ando.nl\\\/#website\",\"url\":\"https:\\\/\\\/aikido-ando.nl\\\/\",\"name\":\"Aikido Ando\",\"description\":\"\",\"publisher\":{\"@id\":\"https:\\\/\\\/aikido-ando.nl\\\/#organization\"},\"potentialAction\":[{\"@type\":\"SearchAction\",\"target\":{\"@type\":\"EntryPoint\",\"urlTemplate\":\"https:\\\/\\\/aikido-ando.nl\\\/?s={search_term_string}\"},\"query-input\":{\"@type\":\"PropertyValueSpecification\",\"valueRequired\":true,\"valueName\":\"search_term_string\"}}],\"inLanguage\":\"fr-FR\"},{\"@type\":\"Organization\",\"@id\":\"https:\\\/\\\/aikido-ando.nl\\\/#organization\",\"name\":\"Aikido Ando\",\"url\":\"https:\\\/\\\/aikido-ando.nl\\\/\",\"logo\":{\"@type\":\"ImageObject\",\"inLanguage\":\"fr-FR\",\"@id\":\"https:\\\/\\\/aikido-ando.nl\\\/#\\\/schema\\\/logo\\\/image\\\/\",\"url\":\"https:\\\/\\\/aikido-ando.nl\\\/wp-content\\\/uploads\\\/Logo.webp\",\"contentUrl\":\"https:\\\/\\\/aikido-ando.nl\\\/wp-content\\\/uploads\\\/Logo.webp\",\"width\":500,\"height\":500,\"caption\":\"Aikido Ando\"},\"image\":{\"@id\":\"https:\\\/\\\/aikido-ando.nl\\\/#\\\/schema\\\/logo\\\/image\\\/\"},\"sameAs\":[\"https:\\\/\\\/www.facebook.com\\\/andoaikido\",\"https:\\\/\\\/www.instagram.com\\\/andoaikido\\\/\",\"https:\\\/\\\/www.tiktok.com\\\/404?fromUrl=\\\/andoaikido\",\"https:\\\/\\\/www.linkedin.com\\\/company\\\/andoaikido?originalSubdomain=nl\"]}]}<\/script>\n<!-- \/ Yoast SEO Premium plugin. -->","yoast_head_json":{"title":"Engagement communautaire - Aikido ANDO","description":"D\u00e9couvrez comment l'Aikido ANDO contribue \u00e0 la soci\u00e9t\u00e9 avec des programmes dans les \u00e9coles primaires et des initiatives de confiance en soi et de s\u00e9curit\u00e9.","robots":{"index":"index","follow":"follow","max-snippet":"max-snippet:-1","max-image-preview":"max-image-preview:large","max-video-preview":"max-video-preview:-1"},"canonical":"https:\/\/aikido-ando.nl\/fr\/lengagement-communautaire\/","og_locale":"fr_FR","og_type":"article","og_title":"Maatschappelijke inzet","og_description":"Ontdek hoe Aikido ANDO bijdraagt aan de samenleving met programma's op basisscholen en initiatieven voor zelfvertrouwen en veiligheid.","og_url":"https:\/\/aikido-ando.nl\/fr\/lengagement-communautaire\/","og_site_name":"Aikido ANDO","article_publisher":"https:\/\/www.facebook.com\/andoaikido","article_modified_time":"2024-12-10T12:59:58+00:00","og_image":[{"width":1920,"height":600,"url":"https:\/\/aikido-ando.nl\/wp-content\/uploads\/AnneSlui_sensei_Aikido_dojo_Eindhoven_StrijpS-2.webp","type":"image\/webp"}],"twitter_card":"summary_large_image","twitter_misc":{"Dur\u00e9e de lecture estim\u00e9e":"3 minutes"},"schema":{"@context":"https:\/\/schema.org","@graph":[{"@type":"WebPage","@id":"https:\/\/aikido-ando.nl\/maatschappelijke-inzet\/","url":"https:\/\/aikido-ando.nl\/maatschappelijke-inzet\/","name":"Engagement communautaire - Aikido ANDO","isPartOf":{"@id":"https:\/\/aikido-ando.nl\/#website"},"primaryImageOfPage":{"@id":"https:\/\/aikido-ando.nl\/maatschappelijke-inzet\/#primaryimage"},"image":{"@id":"https:\/\/aikido-ando.nl\/maatschappelijke-inzet\/#primaryimage"},"thumbnailUrl":"https:\/\/aikido-ando.nl\/wp-content\/uploads\/AnneSlui_sensei_Aikido_dojo_Eindhoven_StrijpS-2.webp","datePublished":"2024-10-13T13:15:31+00:00","dateModified":"2024-12-10T12:59:58+00:00","description":"D\u00e9couvrez comment l'Aikido ANDO contribue \u00e0 la soci\u00e9t\u00e9 avec des programmes dans les \u00e9coles primaires et des initiatives de confiance en soi et de s\u00e9curit\u00e9.","breadcrumb":{"@id":"https:\/\/aikido-ando.nl\/maatschappelijke-inzet\/#breadcrumb"},"inLanguage":"fr-FR","potentialAction":[{"@type":"ReadAction","target":["https:\/\/aikido-ando.nl\/maatschappelijke-inzet\/"]}]},{"@type":"ImageObject","inLanguage":"fr-FR","@id":"https:\/\/aikido-ando.nl\/maatschappelijke-inzet\/#primaryimage","url":"https:\/\/aikido-ando.nl\/wp-content\/uploads\/AnneSlui_sensei_Aikido_dojo_Eindhoven_StrijpS-2.webp","contentUrl":"https:\/\/aikido-ando.nl\/wp-content\/uploads\/AnneSlui_sensei_Aikido_dojo_Eindhoven_StrijpS-2.webp","width":1920,"height":600,"caption":"Sensei Anne Slui werpt Edo met de Jo op Strijp-S in een Urban setting. Dit geeft Aikido een urban-aikido tintje."},{"@type":"BreadcrumbList","@id":"https:\/\/aikido-ando.nl\/maatschappelijke-inzet\/#breadcrumb","itemListElement":[{"@type":"ListItem","position":1,"name":"Home","item":"https:\/\/aikido-ando.nl\/"},{"@type":"ListItem","position":2,"name":"Maatschappelijke inzet"}]},{"@type":"WebSite","@id":"https:\/\/aikido-ando.nl\/#website","url":"https:\/\/aikido-ando.nl\/","name":"Aikido Ando","description":"","publisher":{"@id":"https:\/\/aikido-ando.nl\/#organization"},"potentialAction":[{"@type":"SearchAction","target":{"@type":"EntryPoint","urlTemplate":"https:\/\/aikido-ando.nl\/?s={search_term_string}"},"query-input":{"@type":"PropertyValueSpecification","valueRequired":true,"valueName":"search_term_string"}}],"inLanguage":"fr-FR"},{"@type":"Organization","@id":"https:\/\/aikido-ando.nl\/#organization","name":"Aikido Ando","url":"https:\/\/aikido-ando.nl\/","logo":{"@type":"ImageObject","inLanguage":"fr-FR","@id":"https:\/\/aikido-ando.nl\/#\/schema\/logo\/image\/","url":"https:\/\/aikido-ando.nl\/wp-content\/uploads\/Logo.webp","contentUrl":"https:\/\/aikido-ando.nl\/wp-content\/uploads\/Logo.webp","width":500,"height":500,"caption":"Aikido Ando"},"image":{"@id":"https:\/\/aikido-ando.nl\/#\/schema\/logo\/image\/"},"sameAs":["https:\/\/www.facebook.com\/andoaikido","https:\/\/www.instagram.com\/andoaikido\/","https:\/\/www.tiktok.com\/404?fromUrl=\/andoaikido","https:\/\/www.linkedin.com\/company\/andoaikido?originalSubdomain=nl"]}]}},"_links":{"self":[{"href":"https:\/\/aikido-ando.nl\/fr\/wp-json\/wp\/v2\/pages\/656","targetHints":{"allow":["GET"]}}],"collection":[{"href":"https:\/\/aikido-ando.nl\/fr\/wp-json\/wp\/v2\/pages"}],"about":[{"href":"https:\/\/aikido-ando.nl\/fr\/wp-json\/wp\/v2\/types\/page"}],"author":[{"embeddable":true,"href":"https:\/\/aikido-ando.nl\/fr\/wp-json\/wp\/v2\/users\/1"}],"replies":[{"embeddable":true,"href":"https:\/\/aikido-ando.nl\/fr\/wp-json\/wp\/v2\/comments?post=656"}],"version-history":[{"count":0,"href":"https:\/\/aikido-ando.nl\/fr\/wp-json\/wp\/v2\/pages\/656\/revisions"}],"wp:featuredmedia":[{"embeddable":true,"href":"https:\/\/aikido-ando.nl\/fr\/wp-json\/wp\/v2\/media\/1678"}],"wp:attachment":[{"href":"https:\/\/aikido-ando.nl\/fr\/wp-json\/wp\/v2\/media?parent=656"}],"curies":[{"name":"wp","href":"https:\/\/api.w.org\/{rel}","templated":true}]}}